{"id":7869,"date":"2020-06-24T11:50:25","date_gmt":"2020-06-24T18:50:25","guid":{"rendered":"https:\/\/labrc.com\/?post_type=tribe_events&#038;p=7869"},"modified":"2020-06-29T11:54:02","modified_gmt":"2020-06-29T18:54:02","slug":"webinaire-conversation-nationale-en-ligne-application-des-lois-environnementales-autochtones","status":"publish","type":"tribe_events","link":"https:\/\/labrc.com\/fr\/event\/webinaire-conversation-nationale-en-ligne-application-des-lois-environnementales-autochtones\/","title":{"rendered":"WEBINAIRE &#8211; Conversation nationale en ligne  &#8211; Application des lois environnementales autochtones"},"content":{"rendered":"<h2>WEBINAIRE VIRTUEL<\/h2>\n<table width=\"624\">\n<tbody>\n<tr>\n<td width=\"84\">Sujet :<\/td>\n<td width=\"540\"><strong>Conversation nationale en ligne\u00a0 &#8211; Application des lois environnementales autochtones\u00a0 <\/strong><\/td>\n<\/tr>\n<tr>\n<td width=\"84\">Date :<\/td>\n<td width=\"540\">26 juin. 2020<\/td>\n<\/tr>\n<tr>\n<td width=\"84\">Heure :<\/td>\n<td width=\"540\">9h30 (HAP)<\/td>\n<\/tr>\n<\/tbody>\n<\/table>\n<h2><strong>\u00c0 propos du webinaire<\/strong><\/h2>\n<p>Cette discussion exploratoire abordera les questions suivantes :<\/p>\n<ul>\n<li>les diff\u00e9rents pouvoirs en vertu desquels les gouvernements autochtones peuvent adopter et appliquer des lois environnementales<\/li>\n<li>l\u2019\u00e9tablissement de vos objectifs et priorit\u00e9 en mati\u00e8re environnementale<\/li>\n<li>la n\u00e9cessit\u00e9 de recourir \u00e0 des mesures d\u2019application : promotion des outils de conformit\u00e9 et d\u2019application des lois environnementales<\/li>\n<li>enjeux li\u00e9s \u00e0 l\u2019application des lois environnementales autochtones<\/li>\n<li>recommandations pour les Premi\u00e8res Nations et les d\u00e9cideurs politiques<\/li>\n<\/ul>\n<p><strong>\u00a0<\/strong><\/p>\n<p><strong>Le panel sera notamment compos\u00e9 des pr\u00e9sentatrices suivantes\u00a0:<\/strong><\/p>\n<p>Kerrie Blaise \u2013\u00a0 Services du Nord, Association canadienne du droit de l\u2019environnement<\/p>\n<p>Jennifer Predie \u2013 Conseill\u00e8re en environnement et en application des lois, Centre de ressources GTPN<\/p>\n<p>Stefanie Recollet \u2013 Sp\u00e9cialiste de la gestion des d\u00e9chets, Centre de ressources GTPN<\/p>\n<p>&nbsp;<\/p>\n<p><strong>Ressources du webinare:<\/strong><\/p>\n<ul>\n<li><a href=\"https:\/\/vimeo.com\/433722801\">Enregistrement vid\u00e9o de webinaire<\/a><\/li>\n<li><a href=\"https:\/\/labrc.com\/wp-content\/uploads\/2020\/06\/June-26-Webinar-Agenda-FR-Final-v2.pdf\">Ordre du jour<\/a><\/li>\n<\/ul>\n","protected":false},"excerpt":{"rendered":"<p>WEBINAIRE VIRTUEL Sujet : Conversation nationale en ligne\u00a0 &#8211; Application des lois environnementales autochtones\u00a0 Date : 26 juin. 2020 Heure : 9h30 (HAP) \u00c0 propos du webinaire Cette discussion exploratoire <a href=\"https:\/\/labrc.com\/fr\/event\/webinaire-conversation-nationale-en-ligne-application-des-lois-environnementales-autochtones\/\"> [&#8230;]<\/a><\/p>\n","protected":false},"author":43,"featured_media":7867,"template":"","meta":{"_acf_changed":false,"_exactmetrics_skip_tracking":false,"_exactmetrics_sitenote_active":false,"_exactmetrics_sitenote_note":"","_exactmetrics_sitenote_category":0,"_tribe_events_status":"","_tribe_events_status_reason":"","_tribe_events_is_hybrid":"","_tribe_events_is_virtual":"","_tribe_events_virtual_video_source":"","_tribe_events_virtual_embed_video":"","_tribe_events_virtual_linked_button_text":"","_tribe_events_virtual_linked_button":"","_tribe_events_virtual_show_embed_at":"","_tribe_events_virtual_show_embed_to":[],"_tribe_events_virtual_show_on_event":"","_tribe_events_virtual_show_on_views":"","_tribe_events_virtual_url":"","footnotes":""},"tags":[249,248,372,373],"tribe_events_cat":[302,301],"class_list":["post-7869","tribe_events","type-tribe_events","status-publish","has-post-thumbnail","hentry","tag-atelier","tag-webinaire","tag-webinar-fr","tag-workshop-fr","tribe_events_cat-atelier","tribe_events_cat-webinaire","cat_atelier","cat_webinaire"],"acf":[],"yoast_head":"<!-- This site is optimized with the Yoast SEO plugin v27.3 - https:\/\/yoast.com\/product\/yoast-seo-wordpress\/ -->\n<title>WEBINAIRE - Conversation nationale en ligne - Application des lois environnementales autochtones &#8226; Centre de ressources sur la gestion des terres des Premi\u00e8res Nations (CR)<\/title>\n<meta name=\"robots\" content=\"index, follow, max-snippet:-1, max-image-preview:large, max-video-preview:-1\" \/>\n<link rel=\"canonical\" href=\"https:\/\/labrc.com\/fr\/event\/webinaire-conversation-nationale-en-ligne-application-des-lois-environnementales-autochtones\/\" \/>\n<meta property=\"og:locale\" content=\"fr_CA\" \/>\n<meta property=\"og:type\" content=\"article\" \/>\n<meta property=\"og:title\" content=\"WEBINAIRE - Conversation nationale en ligne - Application des lois environnementales autochtones &#8226; Centre de ressources sur la gestion des terres des Premi\u00e8res Nations (CR)\" \/>\n<meta property=\"og:description\" content=\"WEBINAIRE VIRTUEL Sujet : Conversation nationale en ligne\u00a0 &#8211; Application des lois environnementales autochtones\u00a0 Date : 26 juin. 2020 Heure : 9h30 (HAP) \u00c0 propos du webinaire Cette discussion exploratoire [...]\" \/>\n<meta property=\"og:url\" content=\"https:\/\/labrc.com\/fr\/event\/webinaire-conversation-nationale-en-ligne-application-des-lois-environnementales-autochtones\/\" \/>\n<meta property=\"og:site_name\" content=\"Centre de ressources sur la gestion des terres des Premi\u00e8res Nations (CR)\" \/>\n<meta property=\"article:publisher\" content=\"https:\/\/www.facebook.com\/FNLMRC\/\" \/>\n<meta property=\"article:modified_time\" content=\"2020-06-29T18:54:02+00:00\" \/>\n<meta property=\"og:image\" content=\"https:\/\/labrc.com\/wp-content\/uploads\/2020\/06\/June-26-webinar-graphic-FR.jpg\" \/>\n\t<meta property=\"og:image:width\" content=\"1080\" \/>\n\t<meta property=\"og:image:height\" content=\"648\" \/>\n\t<meta property=\"og:image:type\" content=\"image\/jpeg\" \/>\n<meta name=\"twitter:card\" content=\"summary_large_image\" \/>\n<meta name=\"twitter:label1\" content=\"Estimation du temps de lecture\" \/>\n\t<meta name=\"twitter:data1\" content=\"1 minute\" \/>\n<script type=\"application\/ld+json\" class=\"yoast-schema-graph\">{\"@context\":\"https:\\\/\\\/schema.org\",\"@graph\":[{\"@type\":\"WebPage\",\"@id\":\"https:\\\/\\\/labrc.com\\\/fr\\\/event\\\/webinaire-conversation-nationale-en-ligne-application-des-lois-environnementales-autochtones\\\/\",\"url\":\"https:\\\/\\\/labrc.com\\\/fr\\\/event\\\/webinaire-conversation-nationale-en-ligne-application-des-lois-environnementales-autochtones\\\/\",\"name\":\"WEBINAIRE - Conversation nationale en ligne - Application des lois environnementales autochtones &#8226; Centre de ressources sur la gestion des terres des Premi\u00e8res Nations (CR)\",\"isPartOf\":{\"@id\":\"https:\\\/\\\/labrc.com\\\/#website\"},\"primaryImageOfPage\":{\"@id\":\"https:\\\/\\\/labrc.com\\\/fr\\\/event\\\/webinaire-conversation-nationale-en-ligne-application-des-lois-environnementales-autochtones\\\/#primaryimage\"},\"image\":{\"@id\":\"https:\\\/\\\/labrc.com\\\/fr\\\/event\\\/webinaire-conversation-nationale-en-ligne-application-des-lois-environnementales-autochtones\\\/#primaryimage\"},\"thumbnailUrl\":\"https:\\\/\\\/labrc.com\\\/wp-content\\\/uploads\\\/2020\\\/06\\\/June-26-webinar-graphic-FR.jpg\",\"datePublished\":\"2020-06-24T18:50:25+00:00\",\"dateModified\":\"2020-06-29T18:54:02+00:00\",\"breadcrumb\":{\"@id\":\"https:\\\/\\\/labrc.com\\\/fr\\\/event\\\/webinaire-conversation-nationale-en-ligne-application-des-lois-environnementales-autochtones\\\/#breadcrumb\"},\"inLanguage\":\"fr-CA\",\"potentialAction\":[{\"@type\":\"ReadAction\",\"target\":[\"https:\\\/\\\/labrc.com\\\/fr\\\/event\\\/webinaire-conversation-nationale-en-ligne-application-des-lois-environnementales-autochtones\\\/\"]}]},{\"@type\":\"ImageObject\",\"inLanguage\":\"fr-CA\",\"@id\":\"https:\\\/\\\/labrc.com\\\/fr\\\/event\\\/webinaire-conversation-nationale-en-ligne-application-des-lois-environnementales-autochtones\\\/#primaryimage\",\"url\":\"https:\\\/\\\/labrc.com\\\/wp-content\\\/uploads\\\/2020\\\/06\\\/June-26-webinar-graphic-FR.jpg\",\"contentUrl\":\"https:\\\/\\\/labrc.com\\\/wp-content\\\/uploads\\\/2020\\\/06\\\/June-26-webinar-graphic-FR.jpg\",\"width\":1080,\"height\":648},{\"@type\":\"BreadcrumbList\",\"@id\":\"https:\\\/\\\/labrc.com\\\/fr\\\/event\\\/webinaire-conversation-nationale-en-ligne-application-des-lois-environnementales-autochtones\\\/#breadcrumb\",\"itemListElement\":[{\"@type\":\"ListItem\",\"position\":1,\"name\":\"Home\",\"item\":\"https:\\\/\\\/labrc.com\\\/fr\\\/\"},{\"@type\":\"ListItem\",\"position\":2,\"name\":\"\u00c9v\u00e8nements\",\"item\":\"https:\\\/\\\/labrc.com\\\/fr\\\/events\\\/\"},{\"@type\":\"ListItem\",\"position\":3,\"name\":\"WEBINAIRE &#8211; Conversation nationale en ligne &#8211; Application des lois environnementales autochtones\"}]},{\"@type\":\"WebSite\",\"@id\":\"https:\\\/\\\/labrc.com\\\/#website\",\"url\":\"https:\\\/\\\/labrc.com\\\/\",\"name\":\"Centre de ressources sur la gestion des terres des Premi\u00e8res Nations (CR)\",\"description\":\"The LABRC is the service delivery organization that fulfills the LAB\u2019s technical and administrative responsibilities under the Framework\",\"potentialAction\":[{\"@type\":\"SearchAction\",\"target\":{\"@type\":\"EntryPoint\",\"urlTemplate\":\"https:\\\/\\\/labrc.com\\\/?s={search_term_string}\"},\"query-input\":{\"@type\":\"PropertyValueSpecification\",\"valueRequired\":true,\"valueName\":\"search_term_string\"}}],\"inLanguage\":\"fr-CA\"}]}<\/script>\n<!-- \/ Yoast SEO plugin. -->","yoast_head_json":{"title":"WEBINAIRE - Conversation nationale en ligne - Application des lois environnementales autochtones &#8226; Centre de ressources sur la gestion des terres des Premi\u00e8res Nations (CR)","robots":{"index":"index","follow":"follow","max-snippet":"max-snippet:-1","max-image-preview":"max-image-preview:large","max-video-preview":"max-video-preview:-1"},"canonical":"https:\/\/labrc.com\/fr\/event\/webinaire-conversation-nationale-en-ligne-application-des-lois-environnementales-autochtones\/","og_locale":"fr_CA","og_type":"article","og_title":"WEBINAIRE - Conversation nationale en ligne - Application des lois environnementales autochtones &#8226; Centre de ressources sur la gestion des terres des Premi\u00e8res Nations (CR)","og_description":"WEBINAIRE VIRTUEL Sujet : Conversation nationale en ligne\u00a0 &#8211; Application des lois environnementales autochtones\u00a0 Date : 26 juin. 2020 Heure : 9h30 (HAP) \u00c0 propos du webinaire Cette discussion exploratoire [...]","og_url":"https:\/\/labrc.com\/fr\/event\/webinaire-conversation-nationale-en-ligne-application-des-lois-environnementales-autochtones\/","og_site_name":"Centre de ressources sur la gestion des terres des Premi\u00e8res Nations (CR)","article_publisher":"https:\/\/www.facebook.com\/FNLMRC\/","article_modified_time":"2020-06-29T18:54:02+00:00","og_image":[{"width":1080,"height":648,"url":"https:\/\/labrc.com\/wp-content\/uploads\/2020\/06\/June-26-webinar-graphic-FR.jpg","type":"image\/jpeg"}],"twitter_card":"summary_large_image","twitter_misc":{"Estimation du temps de lecture":"1 minute"},"schema":{"@context":"https:\/\/schema.org","@graph":[{"@type":"WebPage","@id":"https:\/\/labrc.com\/fr\/event\/webinaire-conversation-nationale-en-ligne-application-des-lois-environnementales-autochtones\/","url":"https:\/\/labrc.com\/fr\/event\/webinaire-conversation-nationale-en-ligne-application-des-lois-environnementales-autochtones\/","name":"WEBINAIRE - Conversation nationale en ligne - Application des lois environnementales autochtones &#8226; Centre de ressources sur la gestion des terres des Premi\u00e8res Nations (CR)","isPartOf":{"@id":"https:\/\/labrc.com\/#website"},"primaryImageOfPage":{"@id":"https:\/\/labrc.com\/fr\/event\/webinaire-conversation-nationale-en-ligne-application-des-lois-environnementales-autochtones\/#primaryimage"},"image":{"@id":"https:\/\/labrc.com\/fr\/event\/webinaire-conversation-nationale-en-ligne-application-des-lois-environnementales-autochtones\/#primaryimage"},"thumbnailUrl":"https:\/\/labrc.com\/wp-content\/uploads\/2020\/06\/June-26-webinar-graphic-FR.jpg","datePublished":"2020-06-24T18:50:25+00:00","dateModified":"2020-06-29T18:54:02+00:00","breadcrumb":{"@id":"https:\/\/labrc.com\/fr\/event\/webinaire-conversation-nationale-en-ligne-application-des-lois-environnementales-autochtones\/#breadcrumb"},"inLanguage":"fr-CA","potentialAction":[{"@type":"ReadAction","target":["https:\/\/labrc.com\/fr\/event\/webinaire-conversation-nationale-en-ligne-application-des-lois-environnementales-autochtones\/"]}]},{"@type":"ImageObject","inLanguage":"fr-CA","@id":"https:\/\/labrc.com\/fr\/event\/webinaire-conversation-nationale-en-ligne-application-des-lois-environnementales-autochtones\/#primaryimage","url":"https:\/\/labrc.com\/wp-content\/uploads\/2020\/06\/June-26-webinar-graphic-FR.jpg","contentUrl":"https:\/\/labrc.com\/wp-content\/uploads\/2020\/06\/June-26-webinar-graphic-FR.jpg","width":1080,"height":648},{"@type":"BreadcrumbList","@id":"https:\/\/labrc.com\/fr\/event\/webinaire-conversation-nationale-en-ligne-application-des-lois-environnementales-autochtones\/#breadcrumb","itemListElement":[{"@type":"ListItem","position":1,"name":"Home","item":"https:\/\/labrc.com\/fr\/"},{"@type":"ListItem","position":2,"name":"\u00c9v\u00e8nements","item":"https:\/\/labrc.com\/fr\/events\/"},{"@type":"ListItem","position":3,"name":"WEBINAIRE &#8211; Conversation nationale en ligne &#8211; Application des lois environnementales autochtones"}]},{"@type":"WebSite","@id":"https:\/\/labrc.com\/#website","url":"https:\/\/labrc.com\/","name":"Centre de ressources sur la gestion des terres des Premi\u00e8res Nations (CR)","description":"The LABRC is the service delivery organization that fulfills the LAB\u2019s technical and administrative responsibilities under the Framework","potentialAction":[{"@type":"SearchAction","target":{"@type":"EntryPoint","urlTemplate":"https:\/\/labrc.com\/?s={search_term_string}"},"query-input":{"@type":"PropertyValueSpecification","valueRequired":true,"valueName":"search_term_string"}}],"inLanguage":"fr-CA"}]}},"_links":{"self":[{"href":"https:\/\/labrc.com\/fr\/wp-json\/wp\/v2\/tribe_events\/7869","targetHints":{"allow":["GET"]}}],"collection":[{"href":"https:\/\/labrc.com\/fr\/wp-json\/wp\/v2\/tribe_events"}],"about":[{"href":"https:\/\/labrc.com\/fr\/wp-json\/wp\/v2\/types\/tribe_events"}],"author":[{"embeddable":true,"href":"https:\/\/labrc.com\/fr\/wp-json\/wp\/v2\/users\/43"}],"version-history":[{"count":0,"href":"https:\/\/labrc.com\/fr\/wp-json\/wp\/v2\/tribe_events\/7869\/revisions"}],"wp:featuredmedia":[{"embeddable":true,"href":"https:\/\/labrc.com\/fr\/wp-json\/wp\/v2\/media\/7867"}],"wp:attachment":[{"href":"https:\/\/labrc.com\/fr\/wp-json\/wp\/v2\/media?parent=7869"}],"wp:term":[{"taxonomy":"post_tag","embeddable":true,"href":"https:\/\/labrc.com\/fr\/wp-json\/wp\/v2\/tags?post=7869"},{"taxonomy":"tribe_events_cat","embeddable":true,"href":"https:\/\/labrc.com\/fr\/wp-json\/wp\/v2\/tribe_events_cat?post=7869"}],"curies":[{"name":"wp","href":"https:\/\/api.w.org\/{rel}","templated":true}]}}