{"id":4646,"date":"2020-03-10T08:34:52","date_gmt":"2020-03-10T15:34:52","guid":{"rendered":"https:\/\/labrc.com\/?post_type=tribe_events&#038;p=4646"},"modified":"2020-04-14T12:52:06","modified_gmt":"2020-04-14T19:52:06","slug":"srtpn-201-atelier-sur-le-registre-des-terres-et-la-loi-sur-la-protection-des-renseignements-personnels-prairies","status":"publish","type":"tribe_events","link":"https:\/\/labrc.com\/fr\/event\/srtpn-201-atelier-sur-le-registre-des-terres-et-la-loi-sur-la-protection-des-renseignements-personnels-prairies\/","title":{"rendered":"SETPN 201 Atelier sur le Registre des terres et la Loi sur la protection des renseignements personnels  &#8211; PRAIRIES"},"content":{"rendered":"<p><strong>R\u00c9GION DES PRAIRIES<br \/>\n<\/strong><\/p>\n<p>Cet atelier pratique sur le registre foncier est con\u00e7u pour fournir de la formation et du soutien aux personnes qui utilisent r\u00e9guli\u00e8rement le syst\u00e8me d&rsquo;enregistrement des terres des Premi\u00e8res Nations (SETPN) et qui ont besoin d&rsquo;une formation plus approfondie et de renseignements au sujet de la Loi sur la protection des renseignements personnels et de ses implications sur vos formulaires et la collecte de donn\u00e9es.<\/p>\n<p><strong><em><u>Audience cible<\/u> : <\/em><\/strong>Directeur de la gouvernance fonci\u00e8re \/ gestionnaires des terres, commis \u00e0 l&rsquo;enregistrement, gestionnaires des bandes<\/p>\n<p><strong><em><u>Nombre limit\u00e9 de places :<\/u><\/em><\/strong>Cet atelier est limit\u00e9 \u00e0 un maximum de 40 participants. La priorit\u00e9 sera donn\u00e9e \u00e0 ceux qui ont particip\u00e9 au WEBINAIRE 101 sur le registre des terres tenu le 26 septembre 2019.<\/p>\n<p><strong><span style=\"text-decoration: underline;\"><em>Exigences de la session<\/em><\/span><\/strong> : Exigences de la session: Vous devez apporter votre propre ordinateur portable sur lequel le logiciel CITRIX appropri\u00e9 est install\u00e9 et fonctionne correctement pour acc\u00e9der au SRTPN<\/p>\n<p><strong><em><u>Inscription <\/u><\/em><\/strong><em>:<\/em> Veuillez vous inscrire en ligne \u00e0 <a href=\"http:\/\/www.surveymonkey.com\/r\/FNLRS201PRAIRIES\">www.surveymonkey.com\/r\/FNLRS201PRAIRIES<\/a> ou remplir et soumettre le formulaire d&rsquo;inscription ci-joint par courriel au plus tard<strong> \u00e0 midi le\u00a0<u>LUNDI \u2013 30 septembre 2019<\/u><\/strong><\/p>\n<p><strong><em><span style=\"text-decoration: underline;\">Frais de d\u00e9placement et d&rsquo;h\u00e9bergemen<\/span><\/em><em><span style=\"text-decoration: underline;\">t<\/span><\/em><\/strong> : Des frais de d\u00e9placements d&rsquo;une somme maximale de 500 $ par personne seront fournis, PLUS jusqu&rsquo;\u00e0 3 nuits d&rsquo;h\u00e9bergement (chambre et taxes) pour TROIS (3) participants par Premi\u00e8re Nation pour assister \u00e0 cette session.<\/p>\n<p>D\u00e9jeuner chaque matin \u00e0 8 h 30 \u2013 L&rsquo;atelier commence \u00e0 9h<br \/>\n(Petit d\u00e9jeuner, d\u00e9jeuner et collations quotidiennes fournis les deux jours)<\/p>\n<p>&nbsp;<\/p>\n<ul>\n<li><a href=\"https:\/\/labrc.com\/wp-content\/uploads\/2018\/11\/TMPD-NOTICE-LAND-REG-Prairie-v2.pdf\">FMPP Avis et inscription &#8211; PRAIRIES<\/a><\/li>\n<li><a href=\"https:\/\/labrc-my.sharepoint.com\/:f:\/p\/angie_derrickson\/Ep0Jwqnz_5xCgq7BC5gx28sBI9alGZygglmQIE2AHp8Jqg?e=2lAKF2\">Pr\u00e9sentations et documents <\/a><\/li>\n<li>\u00c9tudes de cas &lt;mot de passe&gt;<\/li>\n<\/ul>\n","protected":false},"excerpt":{"rendered":"<p>R\u00c9GION DES PRAIRIES Cet atelier pratique sur le registre foncier est con\u00e7u pour fournir de la formation et du soutien aux personnes qui utilisent r\u00e9guli\u00e8rement le syst\u00e8me d&rsquo;enregistrement des terres <a href=\"https:\/\/labrc.com\/fr\/event\/srtpn-201-atelier-sur-le-registre-des-terres-et-la-loi-sur-la-protection-des-renseignements-personnels-prairies\/\"> [&#8230;]<\/a><\/p>\n","protected":false},"author":52,"featured_media":4225,"template":"","meta":{"_acf_changed":false,"_exactmetrics_skip_tracking":false,"_exactmetrics_sitenote_active":false,"_exactmetrics_sitenote_note":"","_exactmetrics_sitenote_category":0,"_tribe_events_status":"","_tribe_events_status_reason":"","_tribe_events_is_hybrid":"","_tribe_events_is_virtual":"","_tribe_events_virtual_video_source":"","_tribe_events_virtual_embed_video":"","_tribe_events_virtual_linked_button_text":"","_tribe_events_virtual_linked_button":"","_tribe_events_virtual_show_embed_at":"","_tribe_events_virtual_show_embed_to":[],"_tribe_events_virtual_show_on_event":"","_tribe_events_virtual_show_on_views":"","_tribe_events_virtual_url":"","footnotes":""},"tags":[],"tribe_events_cat":[302],"class_list":["post-4646","tribe_events","type-tribe_events","status-publish","has-post-thumbnail","hentry","tribe_events_cat-atelier","cat_atelier"],"acf":[],"yoast_head":"<!-- This site is optimized with the Yoast SEO plugin v27.3 - https:\/\/yoast.com\/product\/yoast-seo-wordpress\/ -->\n<title>SETPN 201 Atelier sur le Registre des terres et la Loi sur la protection des renseignements personnels - PRAIRIES &#8226; Centre de ressources sur la gestion des terres des Premi\u00e8res Nations (CR)<\/title>\n<meta name=\"robots\" content=\"index, follow, max-snippet:-1, max-image-preview:large, max-video-preview:-1\" \/>\n<link rel=\"canonical\" href=\"https:\/\/labrc.com\/fr\/event\/srtpn-201-atelier-sur-le-registre-des-terres-et-la-loi-sur-la-protection-des-renseignements-personnels-prairies\/\" \/>\n<meta property=\"og:locale\" content=\"fr_CA\" \/>\n<meta property=\"og:type\" content=\"article\" \/>\n<meta property=\"og:title\" content=\"SETPN 201 Atelier sur le Registre des terres et la Loi sur la protection des renseignements personnels - PRAIRIES &#8226; Centre de ressources sur la gestion des terres des Premi\u00e8res Nations (CR)\" \/>\n<meta property=\"og:description\" content=\"R\u00c9GION DES PRAIRIES Cet atelier pratique sur le registre foncier est con\u00e7u pour fournir de la formation et du soutien aux personnes qui utilisent r\u00e9guli\u00e8rement le syst\u00e8me d&rsquo;enregistrement des terres [...]\" \/>\n<meta property=\"og:url\" content=\"https:\/\/labrc.com\/fr\/event\/srtpn-201-atelier-sur-le-registre-des-terres-et-la-loi-sur-la-protection-des-renseignements-personnels-prairies\/\" \/>\n<meta property=\"og:site_name\" content=\"Centre de ressources sur la gestion des terres des Premi\u00e8res Nations (CR)\" \/>\n<meta property=\"article:publisher\" content=\"https:\/\/www.facebook.com\/FNLMRC\/\" \/>\n<meta property=\"article:modified_time\" content=\"2020-04-14T19:52:06+00:00\" \/>\n<meta property=\"og:image\" content=\"https:\/\/labrc.com\/wp-content\/uploads\/2018\/11\/Unregistered-Interests-event-image.jpg\" \/>\n\t<meta property=\"og:image:width\" content=\"500\" \/>\n\t<meta property=\"og:image:height\" content=\"500\" \/>\n\t<meta property=\"og:image:type\" content=\"image\/jpeg\" \/>\n<meta name=\"twitter:card\" content=\"summary_large_image\" \/>\n<meta name=\"twitter:label1\" content=\"Estimation du temps de lecture\" \/>\n\t<meta name=\"twitter:data1\" content=\"1 minute\" \/>\n<script type=\"application\/ld+json\" class=\"yoast-schema-graph\">{\"@context\":\"https:\\\/\\\/schema.org\",\"@graph\":[{\"@type\":\"WebPage\",\"@id\":\"https:\\\/\\\/labrc.com\\\/fr\\\/event\\\/srtpn-201-atelier-sur-le-registre-des-terres-et-la-loi-sur-la-protection-des-renseignements-personnels-prairies\\\/\",\"url\":\"https:\\\/\\\/labrc.com\\\/fr\\\/event\\\/srtpn-201-atelier-sur-le-registre-des-terres-et-la-loi-sur-la-protection-des-renseignements-personnels-prairies\\\/\",\"name\":\"SETPN 201 Atelier sur le Registre des terres et la Loi sur la protection des renseignements personnels - PRAIRIES &#8226; Centre de ressources sur la gestion des terres des Premi\u00e8res Nations (CR)\",\"isPartOf\":{\"@id\":\"https:\\\/\\\/labrc.com\\\/#website\"},\"primaryImageOfPage\":{\"@id\":\"https:\\\/\\\/labrc.com\\\/fr\\\/event\\\/srtpn-201-atelier-sur-le-registre-des-terres-et-la-loi-sur-la-protection-des-renseignements-personnels-prairies\\\/#primaryimage\"},\"image\":{\"@id\":\"https:\\\/\\\/labrc.com\\\/fr\\\/event\\\/srtpn-201-atelier-sur-le-registre-des-terres-et-la-loi-sur-la-protection-des-renseignements-personnels-prairies\\\/#primaryimage\"},\"thumbnailUrl\":\"https:\\\/\\\/labrc.com\\\/wp-content\\\/uploads\\\/2018\\\/11\\\/Unregistered-Interests-event-image.jpg\",\"datePublished\":\"2020-03-10T15:34:52+00:00\",\"dateModified\":\"2020-04-14T19:52:06+00:00\",\"breadcrumb\":{\"@id\":\"https:\\\/\\\/labrc.com\\\/fr\\\/event\\\/srtpn-201-atelier-sur-le-registre-des-terres-et-la-loi-sur-la-protection-des-renseignements-personnels-prairies\\\/#breadcrumb\"},\"inLanguage\":\"fr-CA\",\"potentialAction\":[{\"@type\":\"ReadAction\",\"target\":[\"https:\\\/\\\/labrc.com\\\/fr\\\/event\\\/srtpn-201-atelier-sur-le-registre-des-terres-et-la-loi-sur-la-protection-des-renseignements-personnels-prairies\\\/\"]}]},{\"@type\":\"ImageObject\",\"inLanguage\":\"fr-CA\",\"@id\":\"https:\\\/\\\/labrc.com\\\/fr\\\/event\\\/srtpn-201-atelier-sur-le-registre-des-terres-et-la-loi-sur-la-protection-des-renseignements-personnels-prairies\\\/#primaryimage\",\"url\":\"https:\\\/\\\/labrc.com\\\/wp-content\\\/uploads\\\/2018\\\/11\\\/Unregistered-Interests-event-image.jpg\",\"contentUrl\":\"https:\\\/\\\/labrc.com\\\/wp-content\\\/uploads\\\/2018\\\/11\\\/Unregistered-Interests-event-image.jpg\",\"width\":500,\"height\":500,\"caption\":\"Event Image\"},{\"@type\":\"BreadcrumbList\",\"@id\":\"https:\\\/\\\/labrc.com\\\/fr\\\/event\\\/srtpn-201-atelier-sur-le-registre-des-terres-et-la-loi-sur-la-protection-des-renseignements-personnels-prairies\\\/#breadcrumb\",\"itemListElement\":[{\"@type\":\"ListItem\",\"position\":1,\"name\":\"Home\",\"item\":\"https:\\\/\\\/labrc.com\\\/fr\\\/\"},{\"@type\":\"ListItem\",\"position\":2,\"name\":\"\u00c9v\u00e8nements\",\"item\":\"https:\\\/\\\/labrc.com\\\/fr\\\/events\\\/\"},{\"@type\":\"ListItem\",\"position\":3,\"name\":\"SETPN 201 Atelier sur le Registre des terres et la Loi sur la protection des renseignements personnels &#8211; PRAIRIES\"}]},{\"@type\":\"WebSite\",\"@id\":\"https:\\\/\\\/labrc.com\\\/#website\",\"url\":\"https:\\\/\\\/labrc.com\\\/\",\"name\":\"Centre de ressources sur la gestion des terres des Premi\u00e8res Nations (CR)\",\"description\":\"The LABRC is the service delivery organization that fulfills the LAB\u2019s technical and administrative responsibilities under the Framework\",\"potentialAction\":[{\"@type\":\"SearchAction\",\"target\":{\"@type\":\"EntryPoint\",\"urlTemplate\":\"https:\\\/\\\/labrc.com\\\/?s={search_term_string}\"},\"query-input\":{\"@type\":\"PropertyValueSpecification\",\"valueRequired\":true,\"valueName\":\"search_term_string\"}}],\"inLanguage\":\"fr-CA\"}]}<\/script>\n<!-- \/ Yoast SEO plugin. -->","yoast_head_json":{"title":"SETPN 201 Atelier sur le Registre des terres et la Loi sur la protection des renseignements personnels - PRAIRIES &#8226; Centre de ressources sur la gestion des terres des Premi\u00e8res Nations (CR)","robots":{"index":"index","follow":"follow","max-snippet":"max-snippet:-1","max-image-preview":"max-image-preview:large","max-video-preview":"max-video-preview:-1"},"canonical":"https:\/\/labrc.com\/fr\/event\/srtpn-201-atelier-sur-le-registre-des-terres-et-la-loi-sur-la-protection-des-renseignements-personnels-prairies\/","og_locale":"fr_CA","og_type":"article","og_title":"SETPN 201 Atelier sur le Registre des terres et la Loi sur la protection des renseignements personnels - PRAIRIES &#8226; Centre de ressources sur la gestion des terres des Premi\u00e8res Nations (CR)","og_description":"R\u00c9GION DES PRAIRIES Cet atelier pratique sur le registre foncier est con\u00e7u pour fournir de la formation et du soutien aux personnes qui utilisent r\u00e9guli\u00e8rement le syst\u00e8me d&rsquo;enregistrement des terres [...]","og_url":"https:\/\/labrc.com\/fr\/event\/srtpn-201-atelier-sur-le-registre-des-terres-et-la-loi-sur-la-protection-des-renseignements-personnels-prairies\/","og_site_name":"Centre de ressources sur la gestion des terres des Premi\u00e8res Nations (CR)","article_publisher":"https:\/\/www.facebook.com\/FNLMRC\/","article_modified_time":"2020-04-14T19:52:06+00:00","og_image":[{"width":500,"height":500,"url":"https:\/\/labrc.com\/wp-content\/uploads\/2018\/11\/Unregistered-Interests-event-image.jpg","type":"image\/jpeg"}],"twitter_card":"summary_large_image","twitter_misc":{"Estimation du temps de lecture":"1 minute"},"schema":{"@context":"https:\/\/schema.org","@graph":[{"@type":"WebPage","@id":"https:\/\/labrc.com\/fr\/event\/srtpn-201-atelier-sur-le-registre-des-terres-et-la-loi-sur-la-protection-des-renseignements-personnels-prairies\/","url":"https:\/\/labrc.com\/fr\/event\/srtpn-201-atelier-sur-le-registre-des-terres-et-la-loi-sur-la-protection-des-renseignements-personnels-prairies\/","name":"SETPN 201 Atelier sur le Registre des terres et la Loi sur la protection des renseignements personnels - PRAIRIES &#8226; Centre de ressources sur la gestion des terres des Premi\u00e8res Nations (CR)","isPartOf":{"@id":"https:\/\/labrc.com\/#website"},"primaryImageOfPage":{"@id":"https:\/\/labrc.com\/fr\/event\/srtpn-201-atelier-sur-le-registre-des-terres-et-la-loi-sur-la-protection-des-renseignements-personnels-prairies\/#primaryimage"},"image":{"@id":"https:\/\/labrc.com\/fr\/event\/srtpn-201-atelier-sur-le-registre-des-terres-et-la-loi-sur-la-protection-des-renseignements-personnels-prairies\/#primaryimage"},"thumbnailUrl":"https:\/\/labrc.com\/wp-content\/uploads\/2018\/11\/Unregistered-Interests-event-image.jpg","datePublished":"2020-03-10T15:34:52+00:00","dateModified":"2020-04-14T19:52:06+00:00","breadcrumb":{"@id":"https:\/\/labrc.com\/fr\/event\/srtpn-201-atelier-sur-le-registre-des-terres-et-la-loi-sur-la-protection-des-renseignements-personnels-prairies\/#breadcrumb"},"inLanguage":"fr-CA","potentialAction":[{"@type":"ReadAction","target":["https:\/\/labrc.com\/fr\/event\/srtpn-201-atelier-sur-le-registre-des-terres-et-la-loi-sur-la-protection-des-renseignements-personnels-prairies\/"]}]},{"@type":"ImageObject","inLanguage":"fr-CA","@id":"https:\/\/labrc.com\/fr\/event\/srtpn-201-atelier-sur-le-registre-des-terres-et-la-loi-sur-la-protection-des-renseignements-personnels-prairies\/#primaryimage","url":"https:\/\/labrc.com\/wp-content\/uploads\/2018\/11\/Unregistered-Interests-event-image.jpg","contentUrl":"https:\/\/labrc.com\/wp-content\/uploads\/2018\/11\/Unregistered-Interests-event-image.jpg","width":500,"height":500,"caption":"Event Image"},{"@type":"BreadcrumbList","@id":"https:\/\/labrc.com\/fr\/event\/srtpn-201-atelier-sur-le-registre-des-terres-et-la-loi-sur-la-protection-des-renseignements-personnels-prairies\/#breadcrumb","itemListElement":[{"@type":"ListItem","position":1,"name":"Home","item":"https:\/\/labrc.com\/fr\/"},{"@type":"ListItem","position":2,"name":"\u00c9v\u00e8nements","item":"https:\/\/labrc.com\/fr\/events\/"},{"@type":"ListItem","position":3,"name":"SETPN 201 Atelier sur le Registre des terres et la Loi sur la protection des renseignements personnels &#8211; PRAIRIES"}]},{"@type":"WebSite","@id":"https:\/\/labrc.com\/#website","url":"https:\/\/labrc.com\/","name":"Centre de ressources sur la gestion des terres des Premi\u00e8res Nations (CR)","description":"The LABRC is the service delivery organization that fulfills the LAB\u2019s technical and administrative responsibilities under the Framework","potentialAction":[{"@type":"SearchAction","target":{"@type":"EntryPoint","urlTemplate":"https:\/\/labrc.com\/?s={search_term_string}"},"query-input":{"@type":"PropertyValueSpecification","valueRequired":true,"valueName":"search_term_string"}}],"inLanguage":"fr-CA"}]}},"_links":{"self":[{"href":"https:\/\/labrc.com\/fr\/wp-json\/wp\/v2\/tribe_events\/4646","targetHints":{"allow":["GET"]}}],"collection":[{"href":"https:\/\/labrc.com\/fr\/wp-json\/wp\/v2\/tribe_events"}],"about":[{"href":"https:\/\/labrc.com\/fr\/wp-json\/wp\/v2\/types\/tribe_events"}],"author":[{"embeddable":true,"href":"https:\/\/labrc.com\/fr\/wp-json\/wp\/v2\/users\/52"}],"version-history":[{"count":0,"href":"https:\/\/labrc.com\/fr\/wp-json\/wp\/v2\/tribe_events\/4646\/revisions"}],"wp:featuredmedia":[{"embeddable":true,"href":"https:\/\/labrc.com\/fr\/wp-json\/wp\/v2\/media\/4225"}],"wp:attachment":[{"href":"https:\/\/labrc.com\/fr\/wp-json\/wp\/v2\/media?parent=4646"}],"wp:term":[{"taxonomy":"post_tag","embeddable":true,"href":"https:\/\/labrc.com\/fr\/wp-json\/wp\/v2\/tags?post=4646"},{"taxonomy":"tribe_events_cat","embeddable":true,"href":"https:\/\/labrc.com\/fr\/wp-json\/wp\/v2\/tribe_events_cat?post=4646"}],"curies":[{"name":"wp","href":"https:\/\/api.w.org\/{rel}","templated":true}]}}