{"id":4590,"date":"2020-03-09T15:19:32","date_gmt":"2020-03-09T22:19:32","guid":{"rendered":"https:\/\/labrc.com\/?post_type=tribe_events&#038;p=4590"},"modified":"2020-04-14T13:39:56","modified_gmt":"2020-04-14T20:39:56","slug":"atelier-sur-les-sig-la-cartographie-c-b","status":"publish","type":"tribe_events","link":"https:\/\/labrc.com\/fr\/event\/atelier-sur-les-sig-la-cartographie-c-b\/","title":{"rendered":"Atelier sur les SIG \/ la cartographie  &#8211; C.-B."},"content":{"rendered":"<h2><strong>Atelier sur les SIG\/la cartographie &#8211; R\u00e9gion de la C.-B.<br \/>\n<\/strong><\/h2>\n<h5 data-fontsize=\"13\" data-lineheight=\"23\"><strong>Audience cible :<\/strong><\/h5>\n<ul>\n<li>Premi\u00e8res Nations signataires op\u00e9rationnelles et en d\u00e9veloppement<\/li>\n<li>Directeurs de la gouvernance fonci\u00e8re \/ gestionnaires des terres, gestionnaires des bandes \/APA, sp\u00e9cialistes des SIG\/de la cartographie, membres des comit\u00e9s fonciers, jeunes et a\u00een\u00e9s<\/li>\n<\/ul>\n<h5 data-fontsize=\"13\" data-lineheight=\"23\"><strong>Cet atelier abordera les sujets suivants :<\/strong><\/h5>\n<ul>\n<li>Pr\u00e9sentation du concept de la pens\u00e9e spatiale et de sa pertinence pour une gouvernance fonci\u00e8re efficace dans le contexte de l&rsquo;Accord-cadre<\/li>\n<li>Pr\u00e9sentation des principes fondamentaux de la cartographie et des syst\u00e8mes d&rsquo;information g\u00e9ographique (SIG) et discussion des diff\u00e9rentes options logicielles de cartographie et de SIG<\/li>\n<li>Explorez l&rsquo;\u00e9thique de la cartographie et des SIG en tant qu&rsquo;expressions contemporaines de la r\u00e9surgence autochtone<\/li>\n<li>Partage des r\u00e9ussites des autres communaut\u00e9s signataires de l&rsquo;AC \u00e0 l&rsquo;aide des techniques de cartographie et de SIG<\/li>\n<\/ul>\n<h5 data-fontsize=\"13\" data-lineheight=\"23\"><strong>Inscription :<\/strong><\/h5>\n<ul>\n<li>L&rsquo;inscription est ferm\u00e9e, si vous avez des questions veuillez contacter l&rsquo;organisateur de l&rsquo;\u00e9v\u00e9nement.<\/li>\n<\/ul>\n<h5 data-fontsize=\"13\" data-lineheight=\"23\"><strong>Frais de d\u00e9placement et d&rsquo;h\u00e9bergement :<\/strong><\/h5>\n<ul>\n<li>Les frais de d\u00e9placement seront fournis jusqu&rsquo;\u00e0 800 $ par personne, PLUS jusqu&rsquo;\u00e0 3 nuits d&rsquo;h\u00e9bergement (chambre et taxes) pour TROIS (3) participants par Premi\u00e8re Nation pour assister \u00e0 cet atelier<\/li>\n<\/ul>\n<h5 data-fontsize=\"13\" data-lineheight=\"23\"><strong>Documents :<\/strong><\/h5>\n<ul>\n<li><a href=\"https:\/\/labrc.com\/wp-content\/uploads\/2018\/11\/TMPD-GIS-Mapping-Feb.19-20-BC-2020.pdf\" target=\"_blank\" rel=\"noopener noreferrer\">Avis et inscription<\/a><\/li>\n<li><a href=\"https:\/\/labrc-my.sharepoint.com\/:f:\/p\/angie_derrickson\/EjY4lvpDVN5Or2ktn4HJbPQBQOun4MynuSvfQUwKUZUFMQ?e=Nxp3bp\" target=\"_blank\" rel=\"noopener noreferrer\">Ordre du jour, documents et pr\u00e9sentations<\/a><\/li>\n<\/ul>\n","protected":false},"excerpt":{"rendered":"<p>Atelier sur les SIG\/la cartographie &#8211; R\u00e9gion de la C.-B. Audience cible : Premi\u00e8res Nations signataires op\u00e9rationnelles et en d\u00e9veloppement Directeurs de la gouvernance fonci\u00e8re \/ gestionnaires des terres, gestionnaires <a href=\"https:\/\/labrc.com\/fr\/event\/atelier-sur-les-sig-la-cartographie-c-b\/\"> [&#8230;]<\/a><\/p>\n","protected":false},"author":52,"featured_media":4225,"template":"","meta":{"_acf_changed":false,"_exactmetrics_skip_tracking":false,"_exactmetrics_sitenote_active":false,"_exactmetrics_sitenote_note":"","_exactmetrics_sitenote_category":0,"_tribe_events_status":"","_tribe_events_status_reason":"","_tribe_events_is_hybrid":"","_tribe_events_is_virtual":"","_tribe_events_virtual_video_source":"","_tribe_events_virtual_embed_video":"","_tribe_events_virtual_linked_button_text":"","_tribe_events_virtual_linked_button":"","_tribe_events_virtual_show_embed_at":"","_tribe_events_virtual_show_embed_to":[],"_tribe_events_virtual_show_on_event":"","_tribe_events_virtual_show_on_views":"","_tribe_events_virtual_url":"","footnotes":""},"tags":[],"tribe_events_cat":[302],"class_list":["post-4590","tribe_events","type-tribe_events","status-publish","has-post-thumbnail","hentry","tribe_events_cat-atelier","cat_atelier"],"acf":[],"yoast_head":"<!-- This site is optimized with the Yoast SEO plugin v27.3 - https:\/\/yoast.com\/product\/yoast-seo-wordpress\/ -->\n<title>Atelier sur les SIG \/ la cartographie - C.-B. &#8226; Centre de ressources sur la gestion des terres des Premi\u00e8res Nations (CR)<\/title>\n<meta name=\"robots\" content=\"index, follow, max-snippet:-1, max-image-preview:large, max-video-preview:-1\" \/>\n<link rel=\"canonical\" href=\"https:\/\/labrc.com\/fr\/event\/atelier-sur-les-sig-la-cartographie-c-b\/\" \/>\n<meta property=\"og:locale\" content=\"fr_CA\" \/>\n<meta property=\"og:type\" content=\"article\" \/>\n<meta property=\"og:title\" content=\"Atelier sur les SIG \/ la cartographie - C.-B. &#8226; Centre de ressources sur la gestion des terres des Premi\u00e8res Nations (CR)\" \/>\n<meta property=\"og:description\" content=\"Atelier sur les SIG\/la cartographie &#8211; R\u00e9gion de la C.-B. Audience cible : Premi\u00e8res Nations signataires op\u00e9rationnelles et en d\u00e9veloppement Directeurs de la gouvernance fonci\u00e8re \/ gestionnaires des terres, gestionnaires [...]\" \/>\n<meta property=\"og:url\" content=\"https:\/\/labrc.com\/fr\/event\/atelier-sur-les-sig-la-cartographie-c-b\/\" \/>\n<meta property=\"og:site_name\" content=\"Centre de ressources sur la gestion des terres des Premi\u00e8res Nations (CR)\" \/>\n<meta property=\"article:publisher\" content=\"https:\/\/www.facebook.com\/FNLMRC\/\" \/>\n<meta property=\"article:modified_time\" content=\"2020-04-14T20:39:56+00:00\" \/>\n<meta property=\"og:image\" content=\"https:\/\/labrc.com\/wp-content\/uploads\/2018\/11\/Unregistered-Interests-event-image.jpg\" \/>\n\t<meta property=\"og:image:width\" content=\"500\" \/>\n\t<meta property=\"og:image:height\" content=\"500\" \/>\n\t<meta property=\"og:image:type\" content=\"image\/jpeg\" \/>\n<meta name=\"twitter:card\" content=\"summary_large_image\" \/>\n<meta name=\"twitter:label1\" content=\"Estimation du temps de lecture\" \/>\n\t<meta name=\"twitter:data1\" content=\"1 minute\" \/>\n<script type=\"application\/ld+json\" class=\"yoast-schema-graph\">{\"@context\":\"https:\\\/\\\/schema.org\",\"@graph\":[{\"@type\":\"WebPage\",\"@id\":\"https:\\\/\\\/labrc.com\\\/fr\\\/event\\\/atelier-sur-les-sig-la-cartographie-c-b\\\/\",\"url\":\"https:\\\/\\\/labrc.com\\\/fr\\\/event\\\/atelier-sur-les-sig-la-cartographie-c-b\\\/\",\"name\":\"Atelier sur les SIG \\\/ la cartographie - C.-B. &#8226; Centre de ressources sur la gestion des terres des Premi\u00e8res Nations (CR)\",\"isPartOf\":{\"@id\":\"https:\\\/\\\/labrc.com\\\/#website\"},\"primaryImageOfPage\":{\"@id\":\"https:\\\/\\\/labrc.com\\\/fr\\\/event\\\/atelier-sur-les-sig-la-cartographie-c-b\\\/#primaryimage\"},\"image\":{\"@id\":\"https:\\\/\\\/labrc.com\\\/fr\\\/event\\\/atelier-sur-les-sig-la-cartographie-c-b\\\/#primaryimage\"},\"thumbnailUrl\":\"https:\\\/\\\/labrc.com\\\/wp-content\\\/uploads\\\/2018\\\/11\\\/Unregistered-Interests-event-image.jpg\",\"datePublished\":\"2020-03-09T22:19:32+00:00\",\"dateModified\":\"2020-04-14T20:39:56+00:00\",\"breadcrumb\":{\"@id\":\"https:\\\/\\\/labrc.com\\\/fr\\\/event\\\/atelier-sur-les-sig-la-cartographie-c-b\\\/#breadcrumb\"},\"inLanguage\":\"fr-CA\",\"potentialAction\":[{\"@type\":\"ReadAction\",\"target\":[\"https:\\\/\\\/labrc.com\\\/fr\\\/event\\\/atelier-sur-les-sig-la-cartographie-c-b\\\/\"]}]},{\"@type\":\"ImageObject\",\"inLanguage\":\"fr-CA\",\"@id\":\"https:\\\/\\\/labrc.com\\\/fr\\\/event\\\/atelier-sur-les-sig-la-cartographie-c-b\\\/#primaryimage\",\"url\":\"https:\\\/\\\/labrc.com\\\/wp-content\\\/uploads\\\/2018\\\/11\\\/Unregistered-Interests-event-image.jpg\",\"contentUrl\":\"https:\\\/\\\/labrc.com\\\/wp-content\\\/uploads\\\/2018\\\/11\\\/Unregistered-Interests-event-image.jpg\",\"width\":500,\"height\":500,\"caption\":\"Event Image\"},{\"@type\":\"BreadcrumbList\",\"@id\":\"https:\\\/\\\/labrc.com\\\/fr\\\/event\\\/atelier-sur-les-sig-la-cartographie-c-b\\\/#breadcrumb\",\"itemListElement\":[{\"@type\":\"ListItem\",\"position\":1,\"name\":\"Home\",\"item\":\"https:\\\/\\\/labrc.com\\\/fr\\\/\"},{\"@type\":\"ListItem\",\"position\":2,\"name\":\"\u00c9v\u00e8nements\",\"item\":\"https:\\\/\\\/labrc.com\\\/fr\\\/events\\\/\"},{\"@type\":\"ListItem\",\"position\":3,\"name\":\"Atelier sur les SIG \\\/ la cartographie &#8211; C.-B.\"}]},{\"@type\":\"WebSite\",\"@id\":\"https:\\\/\\\/labrc.com\\\/#website\",\"url\":\"https:\\\/\\\/labrc.com\\\/\",\"name\":\"Centre de ressources sur la gestion des terres des Premi\u00e8res Nations (CR)\",\"description\":\"The LABRC is the service delivery organization that fulfills the LAB\u2019s technical and administrative responsibilities under the Framework\",\"potentialAction\":[{\"@type\":\"SearchAction\",\"target\":{\"@type\":\"EntryPoint\",\"urlTemplate\":\"https:\\\/\\\/labrc.com\\\/?s={search_term_string}\"},\"query-input\":{\"@type\":\"PropertyValueSpecification\",\"valueRequired\":true,\"valueName\":\"search_term_string\"}}],\"inLanguage\":\"fr-CA\"}]}<\/script>\n<!-- \/ Yoast SEO plugin. -->","yoast_head_json":{"title":"Atelier sur les SIG \/ la cartographie - C.-B. &#8226; Centre de ressources sur la gestion des terres des Premi\u00e8res Nations (CR)","robots":{"index":"index","follow":"follow","max-snippet":"max-snippet:-1","max-image-preview":"max-image-preview:large","max-video-preview":"max-video-preview:-1"},"canonical":"https:\/\/labrc.com\/fr\/event\/atelier-sur-les-sig-la-cartographie-c-b\/","og_locale":"fr_CA","og_type":"article","og_title":"Atelier sur les SIG \/ la cartographie - C.-B. &#8226; Centre de ressources sur la gestion des terres des Premi\u00e8res Nations (CR)","og_description":"Atelier sur les SIG\/la cartographie &#8211; R\u00e9gion de la C.-B. Audience cible : Premi\u00e8res Nations signataires op\u00e9rationnelles et en d\u00e9veloppement Directeurs de la gouvernance fonci\u00e8re \/ gestionnaires des terres, gestionnaires [...]","og_url":"https:\/\/labrc.com\/fr\/event\/atelier-sur-les-sig-la-cartographie-c-b\/","og_site_name":"Centre de ressources sur la gestion des terres des Premi\u00e8res Nations (CR)","article_publisher":"https:\/\/www.facebook.com\/FNLMRC\/","article_modified_time":"2020-04-14T20:39:56+00:00","og_image":[{"width":500,"height":500,"url":"https:\/\/labrc.com\/wp-content\/uploads\/2018\/11\/Unregistered-Interests-event-image.jpg","type":"image\/jpeg"}],"twitter_card":"summary_large_image","twitter_misc":{"Estimation du temps de lecture":"1 minute"},"schema":{"@context":"https:\/\/schema.org","@graph":[{"@type":"WebPage","@id":"https:\/\/labrc.com\/fr\/event\/atelier-sur-les-sig-la-cartographie-c-b\/","url":"https:\/\/labrc.com\/fr\/event\/atelier-sur-les-sig-la-cartographie-c-b\/","name":"Atelier sur les SIG \/ la cartographie - C.-B. &#8226; Centre de ressources sur la gestion des terres des Premi\u00e8res Nations (CR)","isPartOf":{"@id":"https:\/\/labrc.com\/#website"},"primaryImageOfPage":{"@id":"https:\/\/labrc.com\/fr\/event\/atelier-sur-les-sig-la-cartographie-c-b\/#primaryimage"},"image":{"@id":"https:\/\/labrc.com\/fr\/event\/atelier-sur-les-sig-la-cartographie-c-b\/#primaryimage"},"thumbnailUrl":"https:\/\/labrc.com\/wp-content\/uploads\/2018\/11\/Unregistered-Interests-event-image.jpg","datePublished":"2020-03-09T22:19:32+00:00","dateModified":"2020-04-14T20:39:56+00:00","breadcrumb":{"@id":"https:\/\/labrc.com\/fr\/event\/atelier-sur-les-sig-la-cartographie-c-b\/#breadcrumb"},"inLanguage":"fr-CA","potentialAction":[{"@type":"ReadAction","target":["https:\/\/labrc.com\/fr\/event\/atelier-sur-les-sig-la-cartographie-c-b\/"]}]},{"@type":"ImageObject","inLanguage":"fr-CA","@id":"https:\/\/labrc.com\/fr\/event\/atelier-sur-les-sig-la-cartographie-c-b\/#primaryimage","url":"https:\/\/labrc.com\/wp-content\/uploads\/2018\/11\/Unregistered-Interests-event-image.jpg","contentUrl":"https:\/\/labrc.com\/wp-content\/uploads\/2018\/11\/Unregistered-Interests-event-image.jpg","width":500,"height":500,"caption":"Event Image"},{"@type":"BreadcrumbList","@id":"https:\/\/labrc.com\/fr\/event\/atelier-sur-les-sig-la-cartographie-c-b\/#breadcrumb","itemListElement":[{"@type":"ListItem","position":1,"name":"Home","item":"https:\/\/labrc.com\/fr\/"},{"@type":"ListItem","position":2,"name":"\u00c9v\u00e8nements","item":"https:\/\/labrc.com\/fr\/events\/"},{"@type":"ListItem","position":3,"name":"Atelier sur les SIG \/ la cartographie &#8211; C.-B."}]},{"@type":"WebSite","@id":"https:\/\/labrc.com\/#website","url":"https:\/\/labrc.com\/","name":"Centre de ressources sur la gestion des terres des Premi\u00e8res Nations (CR)","description":"The LABRC is the service delivery organization that fulfills the LAB\u2019s technical and administrative responsibilities under the Framework","potentialAction":[{"@type":"SearchAction","target":{"@type":"EntryPoint","urlTemplate":"https:\/\/labrc.com\/?s={search_term_string}"},"query-input":{"@type":"PropertyValueSpecification","valueRequired":true,"valueName":"search_term_string"}}],"inLanguage":"fr-CA"}]}},"_links":{"self":[{"href":"https:\/\/labrc.com\/fr\/wp-json\/wp\/v2\/tribe_events\/4590","targetHints":{"allow":["GET"]}}],"collection":[{"href":"https:\/\/labrc.com\/fr\/wp-json\/wp\/v2\/tribe_events"}],"about":[{"href":"https:\/\/labrc.com\/fr\/wp-json\/wp\/v2\/types\/tribe_events"}],"author":[{"embeddable":true,"href":"https:\/\/labrc.com\/fr\/wp-json\/wp\/v2\/users\/52"}],"version-history":[{"count":0,"href":"https:\/\/labrc.com\/fr\/wp-json\/wp\/v2\/tribe_events\/4590\/revisions"}],"wp:featuredmedia":[{"embeddable":true,"href":"https:\/\/labrc.com\/fr\/wp-json\/wp\/v2\/media\/4225"}],"wp:attachment":[{"href":"https:\/\/labrc.com\/fr\/wp-json\/wp\/v2\/media?parent=4590"}],"wp:term":[{"taxonomy":"post_tag","embeddable":true,"href":"https:\/\/labrc.com\/fr\/wp-json\/wp\/v2\/tags?post=4590"},{"taxonomy":"tribe_events_cat","embeddable":true,"href":"https:\/\/labrc.com\/fr\/wp-json\/wp\/v2\/tribe_events_cat?post=4590"}],"curies":[{"name":"wp","href":"https:\/\/api.w.org\/{rel}","templated":true}]}}