{"id":11813,"date":"2020-10-15T14:04:04","date_gmt":"2020-10-15T21:04:04","guid":{"rendered":"https:\/\/labrc.com\/?post_type=tribe_events&#038;p=11813"},"modified":"2020-10-24T13:41:48","modified_gmt":"2020-10-24T20:41:48","slug":"aga-du-cct-2020-assemblee-generale-annuelle-virtuelle-du-conseil-consultatif-des-terres","status":"publish","type":"tribe_events","link":"https:\/\/labrc.com\/fr\/event\/aga-du-cct-2020-assemblee-generale-annuelle-virtuelle-du-conseil-consultatif-des-terres\/","title":{"rendered":"AGA du CCT 2020: Assembl\u00e9e g\u00e9n\u00e9rale annuelle virtuelle du Conseil consultatif des terres"},"content":{"rendered":"<h2>WEBINAIRE VIRTUEL DE FMPP<\/h2>\n<table style=\"height: 137px;\" width=\"1072\">\n<tbody>\n<tr>\n<td width=\"84\">Sujet :<\/td>\n<td width=\"540\">AGA du CCT 2020: Assembl\u00e9e g\u00e9n\u00e9rale annuelle virtuelle du Conseil consultatif des terres<\/td>\n<\/tr>\n<tr>\n<td width=\"84\">Date :<\/td>\n<td width=\"540\">27 oct. 2020 a 28 oct. 2020<\/td>\n<\/tr>\n<tr>\n<td width=\"84\">Heure :<\/td>\n<td width=\"540\">8h45 &#8211; L\u2019assembl\u00e9e se d\u00e9roulera dans le fuseau horaire des Rocheuses<\/td>\n<\/tr>\n<\/tbody>\n<\/table>\n<h2>NOTEZ LA DATE<\/h2>\n<p>Assembl\u00e9e g\u00e9n\u00e9ral annuelle virtuelle 2020 du Conseil consultatif des terres<\/p>\n<p>Cette r\u00e9union est ouverte \u00e0 toutes les Premi\u00e8res Nations op\u00e9rationnelles et en d\u00e9veloppement signataires de l&rsquo;Accord cadre relatif \u00e0 la gestion des terres des Premi\u00e8res Nations , ainsi que les Premi\u00e8res Nations qui aimeraient en savoir plus plus sur l&rsquo;Accord-cadre relatif \u00e0 la gestion des terres des Premi\u00e8res Nations.<\/p>\n<p><strong>Jour 1 \u2013 Mardi 27 octobre 2020<\/strong><\/p>\n<p>Principaux sujets abord\u00e9s lors du Jour 1 :<\/p>\n<ul>\n<li>R\u00e9sultats des \u00e9lections du CCT<\/li>\n<li>Priorit\u00e9s 2020-2021 du CCT et du CR<\/li>\n<li>Nouvelles r\u00e9centes concernant le remplacement de la LGTPN<\/li>\n<li>Registre des terres ind\u00e9pendant (Pr\u00e9sentation)<\/li>\n<li>Planification des Premi\u00e8res Nations en cas de pand\u00e9mie (Pr\u00e9sentation par la PN Sts&rsquo;ailes)<\/li>\n<\/ul>\n<p><strong>Jour 2 \u2013 Mercredi 28 octobre 2020<\/strong><\/p>\n<p>La deuxi\u00e8me journ\u00e9e comprendra des discussions sur les points suivants :<\/p>\n<ul>\n<li>Projet de la Saskatchewan concernant l\u2019application des lois (Pr\u00e9sentation)<\/li>\n<li>Application des lois adopt\u00e9es en vertu d\u2019un code foncier<\/li>\n<li>R\u00e9solutions<\/li>\n<li>Prix du CCT<\/li>\n<\/ul>\n<h3>Pour consulter l&rsquo;ordre du jour complet et obtenir des informations suppl\u00e9mentaires sur l&rsquo;\u00e9v\u00e9nement, y compris la proc\u00e9dure de r\u00e9solutions, veuillez visiter le site Web de l&rsquo;\u00e9v\u00e9nement \u00e0 l&rsquo;adresse :\u00a0<a href=\"https:\/\/labrc.com\/fr\/aga\/\" target=\"_blank\" rel=\"nofollow noopener noreferrer\">https:\/\/labrc.com\/fr\/aga\/<\/a><\/h3>\n","protected":false},"excerpt":{"rendered":"<p>WEBINAIRE VIRTUEL DE FMPP Sujet : AGA du CCT 2020: Assembl\u00e9e g\u00e9n\u00e9rale annuelle virtuelle du Conseil consultatif des terres Date : 27 oct. 2020 a 28 oct. 2020 Heure : <a href=\"https:\/\/labrc.com\/fr\/event\/aga-du-cct-2020-assemblee-generale-annuelle-virtuelle-du-conseil-consultatif-des-terres\/\"> [&#8230;]<\/a><\/p>\n","protected":false},"author":43,"featured_media":11816,"template":"","meta":{"_acf_changed":false,"_exactmetrics_skip_tracking":false,"_exactmetrics_sitenote_active":false,"_exactmetrics_sitenote_note":"","_exactmetrics_sitenote_category":0,"_tribe_events_status":"","_tribe_events_status_reason":"","_tribe_events_is_hybrid":"","_tribe_events_is_virtual":"","_tribe_events_virtual_video_source":"","_tribe_events_virtual_embed_video":"","_tribe_events_virtual_linked_button_text":"","_tribe_events_virtual_linked_button":"","_tribe_events_virtual_show_embed_at":"","_tribe_events_virtual_show_embed_to":[],"_tribe_events_virtual_show_on_event":"","_tribe_events_virtual_show_on_views":"","_tribe_events_virtual_url":"","footnotes":""},"tags":[435,436,437,209],"tribe_events_cat":[297,299],"class_list":["post-11813","tribe_events","type-tribe_events","status-publish","has-post-thumbnail","hentry","tag-aga","tag-cct","tag-conference","tag-cours","tribe_events_cat-aga","tribe_events_cat-conference-fr","cat_aga","cat_conference-fr"],"acf":[],"yoast_head":"<!-- This site is optimized with the Yoast SEO plugin v27.3 - https:\/\/yoast.com\/product\/yoast-seo-wordpress\/ -->\n<title>AGA du CCT 2020: Assembl\u00e9e g\u00e9n\u00e9rale annuelle virtuelle du Conseil consultatif des terres &#8226; Centre de ressources sur la gestion des terres des Premi\u00e8res Nations (CR)<\/title>\n<meta name=\"robots\" content=\"index, follow, max-snippet:-1, max-image-preview:large, max-video-preview:-1\" \/>\n<link rel=\"canonical\" href=\"https:\/\/labrc.com\/fr\/event\/aga-du-cct-2020-assemblee-generale-annuelle-virtuelle-du-conseil-consultatif-des-terres\/\" \/>\n<meta property=\"og:locale\" content=\"fr_CA\" \/>\n<meta property=\"og:type\" content=\"article\" \/>\n<meta property=\"og:title\" content=\"AGA du CCT 2020: Assembl\u00e9e g\u00e9n\u00e9rale annuelle virtuelle du Conseil consultatif des terres &#8226; Centre de ressources sur la gestion des terres des Premi\u00e8res Nations (CR)\" \/>\n<meta property=\"og:description\" content=\"WEBINAIRE VIRTUEL DE FMPP Sujet : AGA du CCT 2020: Assembl\u00e9e g\u00e9n\u00e9rale annuelle virtuelle du Conseil consultatif des terres Date : 27 oct. 2020 a 28 oct. 2020 Heure : [...]\" \/>\n<meta property=\"og:url\" content=\"https:\/\/labrc.com\/fr\/event\/aga-du-cct-2020-assemblee-generale-annuelle-virtuelle-du-conseil-consultatif-des-terres\/\" \/>\n<meta property=\"og:site_name\" content=\"Centre de ressources sur la gestion des terres des Premi\u00e8res Nations (CR)\" \/>\n<meta property=\"article:publisher\" content=\"https:\/\/www.facebook.com\/FNLMRC\/\" \/>\n<meta property=\"article:modified_time\" content=\"2020-10-24T20:41:48+00:00\" \/>\n<meta property=\"og:image\" content=\"https:\/\/labrc.com\/wp-content\/uploads\/2020\/10\/LAB-AGM-Evenbrite-graphic-v4-scaled.jpg\" \/>\n\t<meta property=\"og:image:width\" content=\"2560\" \/>\n\t<meta property=\"og:image:height\" content=\"1280\" \/>\n\t<meta property=\"og:image:type\" content=\"image\/jpeg\" \/>\n<meta name=\"twitter:card\" content=\"summary_large_image\" \/>\n<meta name=\"twitter:label1\" content=\"Estimation du temps de lecture\" \/>\n\t<meta name=\"twitter:data1\" content=\"1 minute\" \/>\n<script type=\"application\/ld+json\" class=\"yoast-schema-graph\">{\"@context\":\"https:\\\/\\\/schema.org\",\"@graph\":[{\"@type\":\"WebPage\",\"@id\":\"https:\\\/\\\/labrc.com\\\/fr\\\/event\\\/aga-du-cct-2020-assemblee-generale-annuelle-virtuelle-du-conseil-consultatif-des-terres\\\/\",\"url\":\"https:\\\/\\\/labrc.com\\\/fr\\\/event\\\/aga-du-cct-2020-assemblee-generale-annuelle-virtuelle-du-conseil-consultatif-des-terres\\\/\",\"name\":\"AGA du CCT 2020: Assembl\u00e9e g\u00e9n\u00e9rale annuelle virtuelle du Conseil consultatif des terres &#8226; Centre de ressources sur la gestion des terres des Premi\u00e8res Nations (CR)\",\"isPartOf\":{\"@id\":\"https:\\\/\\\/labrc.com\\\/#website\"},\"primaryImageOfPage\":{\"@id\":\"https:\\\/\\\/labrc.com\\\/fr\\\/event\\\/aga-du-cct-2020-assemblee-generale-annuelle-virtuelle-du-conseil-consultatif-des-terres\\\/#primaryimage\"},\"image\":{\"@id\":\"https:\\\/\\\/labrc.com\\\/fr\\\/event\\\/aga-du-cct-2020-assemblee-generale-annuelle-virtuelle-du-conseil-consultatif-des-terres\\\/#primaryimage\"},\"thumbnailUrl\":\"https:\\\/\\\/labrc.com\\\/wp-content\\\/uploads\\\/2020\\\/10\\\/LAB-AGM-Evenbrite-graphic-v4-scaled.jpg\",\"datePublished\":\"2020-10-15T21:04:04+00:00\",\"dateModified\":\"2020-10-24T20:41:48+00:00\",\"breadcrumb\":{\"@id\":\"https:\\\/\\\/labrc.com\\\/fr\\\/event\\\/aga-du-cct-2020-assemblee-generale-annuelle-virtuelle-du-conseil-consultatif-des-terres\\\/#breadcrumb\"},\"inLanguage\":\"fr-CA\",\"potentialAction\":[{\"@type\":\"ReadAction\",\"target\":[\"https:\\\/\\\/labrc.com\\\/fr\\\/event\\\/aga-du-cct-2020-assemblee-generale-annuelle-virtuelle-du-conseil-consultatif-des-terres\\\/\"]}]},{\"@type\":\"ImageObject\",\"inLanguage\":\"fr-CA\",\"@id\":\"https:\\\/\\\/labrc.com\\\/fr\\\/event\\\/aga-du-cct-2020-assemblee-generale-annuelle-virtuelle-du-conseil-consultatif-des-terres\\\/#primaryimage\",\"url\":\"https:\\\/\\\/labrc.com\\\/wp-content\\\/uploads\\\/2020\\\/10\\\/LAB-AGM-Evenbrite-graphic-v4-scaled.jpg\",\"contentUrl\":\"https:\\\/\\\/labrc.com\\\/wp-content\\\/uploads\\\/2020\\\/10\\\/LAB-AGM-Evenbrite-graphic-v4-scaled.jpg\",\"width\":2560,\"height\":1280},{\"@type\":\"BreadcrumbList\",\"@id\":\"https:\\\/\\\/labrc.com\\\/fr\\\/event\\\/aga-du-cct-2020-assemblee-generale-annuelle-virtuelle-du-conseil-consultatif-des-terres\\\/#breadcrumb\",\"itemListElement\":[{\"@type\":\"ListItem\",\"position\":1,\"name\":\"Home\",\"item\":\"https:\\\/\\\/labrc.com\\\/fr\\\/\"},{\"@type\":\"ListItem\",\"position\":2,\"name\":\"\u00c9v\u00e8nements\",\"item\":\"https:\\\/\\\/labrc.com\\\/fr\\\/events\\\/\"},{\"@type\":\"ListItem\",\"position\":3,\"name\":\"AGA du CCT 2020: Assembl\u00e9e g\u00e9n\u00e9rale annuelle virtuelle du Conseil consultatif des terres\"}]},{\"@type\":\"WebSite\",\"@id\":\"https:\\\/\\\/labrc.com\\\/#website\",\"url\":\"https:\\\/\\\/labrc.com\\\/\",\"name\":\"Centre de ressources sur la gestion des terres des Premi\u00e8res Nations (CR)\",\"description\":\"The LABRC is the service delivery organization that fulfills the LAB\u2019s technical and administrative responsibilities under the Framework\",\"potentialAction\":[{\"@type\":\"SearchAction\",\"target\":{\"@type\":\"EntryPoint\",\"urlTemplate\":\"https:\\\/\\\/labrc.com\\\/?s={search_term_string}\"},\"query-input\":{\"@type\":\"PropertyValueSpecification\",\"valueRequired\":true,\"valueName\":\"search_term_string\"}}],\"inLanguage\":\"fr-CA\"}]}<\/script>\n<!-- \/ Yoast SEO plugin. -->","yoast_head_json":{"title":"AGA du CCT 2020: Assembl\u00e9e g\u00e9n\u00e9rale annuelle virtuelle du Conseil consultatif des terres &#8226; Centre de ressources sur la gestion des terres des Premi\u00e8res Nations (CR)","robots":{"index":"index","follow":"follow","max-snippet":"max-snippet:-1","max-image-preview":"max-image-preview:large","max-video-preview":"max-video-preview:-1"},"canonical":"https:\/\/labrc.com\/fr\/event\/aga-du-cct-2020-assemblee-generale-annuelle-virtuelle-du-conseil-consultatif-des-terres\/","og_locale":"fr_CA","og_type":"article","og_title":"AGA du CCT 2020: Assembl\u00e9e g\u00e9n\u00e9rale annuelle virtuelle du Conseil consultatif des terres &#8226; Centre de ressources sur la gestion des terres des Premi\u00e8res Nations (CR)","og_description":"WEBINAIRE VIRTUEL DE FMPP Sujet : AGA du CCT 2020: Assembl\u00e9e g\u00e9n\u00e9rale annuelle virtuelle du Conseil consultatif des terres Date : 27 oct. 2020 a 28 oct. 2020 Heure : [...]","og_url":"https:\/\/labrc.com\/fr\/event\/aga-du-cct-2020-assemblee-generale-annuelle-virtuelle-du-conseil-consultatif-des-terres\/","og_site_name":"Centre de ressources sur la gestion des terres des Premi\u00e8res Nations (CR)","article_publisher":"https:\/\/www.facebook.com\/FNLMRC\/","article_modified_time":"2020-10-24T20:41:48+00:00","og_image":[{"width":2560,"height":1280,"url":"https:\/\/labrc.com\/wp-content\/uploads\/2020\/10\/LAB-AGM-Evenbrite-graphic-v4-scaled.jpg","type":"image\/jpeg"}],"twitter_card":"summary_large_image","twitter_misc":{"Estimation du temps de lecture":"1 minute"},"schema":{"@context":"https:\/\/schema.org","@graph":[{"@type":"WebPage","@id":"https:\/\/labrc.com\/fr\/event\/aga-du-cct-2020-assemblee-generale-annuelle-virtuelle-du-conseil-consultatif-des-terres\/","url":"https:\/\/labrc.com\/fr\/event\/aga-du-cct-2020-assemblee-generale-annuelle-virtuelle-du-conseil-consultatif-des-terres\/","name":"AGA du CCT 2020: Assembl\u00e9e g\u00e9n\u00e9rale annuelle virtuelle du Conseil consultatif des terres &#8226; Centre de ressources sur la gestion des terres des Premi\u00e8res Nations (CR)","isPartOf":{"@id":"https:\/\/labrc.com\/#website"},"primaryImageOfPage":{"@id":"https:\/\/labrc.com\/fr\/event\/aga-du-cct-2020-assemblee-generale-annuelle-virtuelle-du-conseil-consultatif-des-terres\/#primaryimage"},"image":{"@id":"https:\/\/labrc.com\/fr\/event\/aga-du-cct-2020-assemblee-generale-annuelle-virtuelle-du-conseil-consultatif-des-terres\/#primaryimage"},"thumbnailUrl":"https:\/\/labrc.com\/wp-content\/uploads\/2020\/10\/LAB-AGM-Evenbrite-graphic-v4-scaled.jpg","datePublished":"2020-10-15T21:04:04+00:00","dateModified":"2020-10-24T20:41:48+00:00","breadcrumb":{"@id":"https:\/\/labrc.com\/fr\/event\/aga-du-cct-2020-assemblee-generale-annuelle-virtuelle-du-conseil-consultatif-des-terres\/#breadcrumb"},"inLanguage":"fr-CA","potentialAction":[{"@type":"ReadAction","target":["https:\/\/labrc.com\/fr\/event\/aga-du-cct-2020-assemblee-generale-annuelle-virtuelle-du-conseil-consultatif-des-terres\/"]}]},{"@type":"ImageObject","inLanguage":"fr-CA","@id":"https:\/\/labrc.com\/fr\/event\/aga-du-cct-2020-assemblee-generale-annuelle-virtuelle-du-conseil-consultatif-des-terres\/#primaryimage","url":"https:\/\/labrc.com\/wp-content\/uploads\/2020\/10\/LAB-AGM-Evenbrite-graphic-v4-scaled.jpg","contentUrl":"https:\/\/labrc.com\/wp-content\/uploads\/2020\/10\/LAB-AGM-Evenbrite-graphic-v4-scaled.jpg","width":2560,"height":1280},{"@type":"BreadcrumbList","@id":"https:\/\/labrc.com\/fr\/event\/aga-du-cct-2020-assemblee-generale-annuelle-virtuelle-du-conseil-consultatif-des-terres\/#breadcrumb","itemListElement":[{"@type":"ListItem","position":1,"name":"Home","item":"https:\/\/labrc.com\/fr\/"},{"@type":"ListItem","position":2,"name":"\u00c9v\u00e8nements","item":"https:\/\/labrc.com\/fr\/events\/"},{"@type":"ListItem","position":3,"name":"AGA du CCT 2020: Assembl\u00e9e g\u00e9n\u00e9rale annuelle virtuelle du Conseil consultatif des terres"}]},{"@type":"WebSite","@id":"https:\/\/labrc.com\/#website","url":"https:\/\/labrc.com\/","name":"Centre de ressources sur la gestion des terres des Premi\u00e8res Nations (CR)","description":"The LABRC is the service delivery organization that fulfills the LAB\u2019s technical and administrative responsibilities under the Framework","potentialAction":[{"@type":"SearchAction","target":{"@type":"EntryPoint","urlTemplate":"https:\/\/labrc.com\/?s={search_term_string}"},"query-input":{"@type":"PropertyValueSpecification","valueRequired":true,"valueName":"search_term_string"}}],"inLanguage":"fr-CA"}]}},"_links":{"self":[{"href":"https:\/\/labrc.com\/fr\/wp-json\/wp\/v2\/tribe_events\/11813","targetHints":{"allow":["GET"]}}],"collection":[{"href":"https:\/\/labrc.com\/fr\/wp-json\/wp\/v2\/tribe_events"}],"about":[{"href":"https:\/\/labrc.com\/fr\/wp-json\/wp\/v2\/types\/tribe_events"}],"author":[{"embeddable":true,"href":"https:\/\/labrc.com\/fr\/wp-json\/wp\/v2\/users\/43"}],"version-history":[{"count":0,"href":"https:\/\/labrc.com\/fr\/wp-json\/wp\/v2\/tribe_events\/11813\/revisions"}],"wp:featuredmedia":[{"embeddable":true,"href":"https:\/\/labrc.com\/fr\/wp-json\/wp\/v2\/media\/11816"}],"wp:attachment":[{"href":"https:\/\/labrc.com\/fr\/wp-json\/wp\/v2\/media?parent=11813"}],"wp:term":[{"taxonomy":"post_tag","embeddable":true,"href":"https:\/\/labrc.com\/fr\/wp-json\/wp\/v2\/tags?post=11813"},{"taxonomy":"tribe_events_cat","embeddable":true,"href":"https:\/\/labrc.com\/fr\/wp-json\/wp\/v2\/tribe_events_cat?post=11813"}],"curies":[{"name":"wp","href":"https:\/\/api.w.org\/{rel}","templated":true}]}}