{"id":4375,"date":"2020-03-05T13:52:01","date_gmt":"2020-03-05T21:52:01","guid":{"rendered":"https:\/\/labrc.com\/?page_id=4375"},"modified":"2026-04-17T13:15:05","modified_gmt":"2026-04-17T20:15:05","slug":"premiere-nation-interessee","status":"publish","type":"page","link":"https:\/\/labrc.com\/fr\/mise-en-route\/premiere-nation-interessee\/","title":{"rendered":"Premi\u00e8re Nation int\u00e9ress\u00e9e"},"content":{"rendered":"<p><div class=\"fusion-fullwidth fullwidth-box fusion-builder-row-1 nonhundred-percent-fullwidth non-hundred-percent-height-scrolling\" style=\"--awb-border-radius-top-left:0px;--awb-border-radius-top-right:0px;--awb-border-radius-bottom-right:0px;--awb-border-radius-bottom-left:0px;--awb-padding-right:5%;--awb-padding-bottom:5%;--awb-padding-left:5%;--awb-background-color:#ffffff;--awb-flex-wrap:wrap;\" ><div class=\"fusion-builder-row fusion-row\"><div class=\"fusion-layout-column fusion_builder_column fusion-builder-column-0 fusion_builder_column_1_1 1_1 fusion-one-full fusion-column-first fusion-column-last\" style=\"--awb-bg-size:cover;\"><div class=\"fusion-column-wrapper fusion-flex-column-wrapper-legacy\"><div class=\"fusion-sep-clear\"><\/div><div class=\"fusion-separator fusion-full-width-sep\" style=\"margin-left: auto;margin-right: auto;margin-bottom:5%;width:100%;\"><\/div><div class=\"fusion-sep-clear\"><\/div><div class=\"fusion-clearfix\"><\/div><\/div><\/div><div class=\"fusion-layout-column fusion_builder_column fusion-builder-column-1 fusion_builder_column_1_4 1_4 fusion-one-fourth fusion-column-first fusion-no-small-visibility fusion-no-medium-visibility fusion-animated\" style=\"--awb-bg-size:cover;width:25%;width:calc(25% - ( ( 5% ) * 0.25 ) );margin-right: 5%;\" data-animationType=\"fadeInLeft\" data-animationDuration=\"0.3\" data-animationOffset=\"top-into-view\"><div class=\"fusion-column-wrapper fusion-column-has-shadow fusion-flex-column-wrapper-legacy\"><div class=\"fusion-image-element fusion-image-align-left in-legacy-container\" style=\"text-align:left;--awb-max-width:400px;--awb-caption-title-font-family:var(--h2_typography-font-family);--awb-caption-title-font-weight:var(--h2_typography-font-weight);--awb-caption-title-font-style:var(--h2_typography-font-style);--awb-caption-title-size:var(--h2_typography-font-size);--awb-caption-title-transform:var(--h2_typography-text-transform);--awb-caption-title-line-height:var(--h2_typography-line-height);--awb-caption-title-letter-spacing:var(--h2_typography-letter-spacing);\"><span class=\" fusion-imageframe imageframe-none imageframe-1 hover-type-none border\" style=\"border:4px solid #b8ac33;margin-right:25px;float:left;\"><img decoding=\"async\" width=\"500\" height=\"500\" alt=\"interested-in-sunrise\" title=\"interested-in-sunrise\" src=\"https:\/\/labrc.com\/wp-content\/uploads\/2018\/11\/interested-in-sunrise.jpg\" class=\"img-responsive wp-image-5352\" srcset=\"https:\/\/labrc.com\/wp-content\/uploads\/2018\/11\/interested-in-sunrise-200x200.jpg 200w, https:\/\/labrc.com\/wp-content\/uploads\/2018\/11\/interested-in-sunrise-400x400.jpg 400w, https:\/\/labrc.com\/wp-content\/uploads\/2018\/11\/interested-in-sunrise.jpg 500w\" sizes=\"(max-width: 1048px) 100vw, 500px\" \/><\/span><\/div><div class=\"fusion-clearfix\"><\/div><\/div><\/div><div class=\"fusion-layout-column fusion_builder_column fusion-builder-column-2 fusion_builder_column_2_3 2_3 fusion-two-third fusion-column-last fusion-animated\" style=\"--awb-bg-size:cover;width:66.6666666667%;width:calc(66.6666666667% - ( ( 5% ) * 0.666666666667 ) );\" data-animationType=\"fadeInLeft\" data-animationDuration=\"0.4\" data-animationOffset=\"top-into-view\"><div class=\"fusion-column-wrapper fusion-column-has-shadow fusion-flex-column-wrapper-legacy\"><div class=\"fusion-image-element in-legacy-container\" style=\"--awb-max-width:250px;--awb-caption-title-font-family:var(--h2_typography-font-family);--awb-caption-title-font-weight:var(--h2_typography-font-weight);--awb-caption-title-font-style:var(--h2_typography-font-style);--awb-caption-title-size:var(--h2_typography-font-size);--awb-caption-title-transform:var(--h2_typography-text-transform);--awb-caption-title-line-height:var(--h2_typography-line-height);--awb-caption-title-letter-spacing:var(--h2_typography-letter-spacing);\"><span class=\" fusion-imageframe imageframe-none imageframe-2 hover-type-none\"><img decoding=\"async\" width=\"428\" height=\"206\" title=\"iama_01-cropped\" src=\"https:\/\/labrc.com\/wp-content\/uploads\/2018\/11\/iama_01-cropped.gif\" alt class=\"img-responsive wp-image-5364\" srcset=\"https:\/\/labrc.com\/wp-content\/uploads\/2018\/11\/iama_01-cropped-200x96.gif 200w, https:\/\/labrc.com\/wp-content\/uploads\/2018\/11\/iama_01-cropped-400x193.gif 400w, https:\/\/labrc.com\/wp-content\/uploads\/2018\/11\/iama_01-cropped.gif 428w\" sizes=\"(max-width: 1048px) 100vw, 428px\" \/><\/span><\/div><div class=\"fusion-text fusion-text-1\"><h2 style=\"color: #b8ac33; border-bottom: 5px solid #B8AC34; padding: 0 0 15px; display: inline-block;\">Je suis une Premi\u00e8re Nation int\u00e9ress\u00e9e<\/h2>\n<\/div><div class=\"fusion-sep-clear\"><\/div><div class=\"fusion-separator fusion-no-small-visibility fusion-full-width-sep\" style=\"margin-left: auto;margin-right: auto;margin-top:20px;width:100%;\"><\/div><div class=\"fusion-sep-clear\"><\/div><div class=\"fusion-text fusion-text-2\"><p>Le travail ayant men\u00e9 \u00e0 la conclusion de l\u2019<i>Accord-cadre relatif \u00e0 la gestion des terres des Premi\u00e8res Nations<\/i> (Accord-cadre) a d\u00e9but\u00e9 \u00e0 la fin des ann\u00e9es 1980 lorsqu\u2019un petit groupe de chefs des Premi\u00e8res Nations s\u2019est mis \u00e0 la recherche d\u2019un moyen permettant aux communaut\u00e9s des Premi\u00e8res Nations de se soustraire aux contraintes paternalistes de la<i> Loi sur les Indiens<\/i>.<\/p>\n<p>L\u2019Accord-cadre avait pour but de reconna\u00eetre le droit inh\u00e9rent des Premi\u00e8res Nations \u00e0 reprendre le contr\u00f4le de leurs terres et leurs ressources \u00e0 l\u2019usage et au profit de leurs membres sans ing\u00e9rence du gouvernement, en rempla\u00e7ant les dispositions de la Loi sur les Indiens relatives \u00e0 la gestion des terres par des lois adopt\u00e9es par les Premi\u00e8res Nations elles-m\u00eames.<\/p>\n<p>L\u2019Accord-cadre a \u00e9t\u00e9 sign\u00e9 par le ministre des Affaires indiennes et du Nord canadien et treize Premi\u00e8res nations le 12 f\u00e9vrier 1996.<\/p>\n<p>L\u2019Accord-cadre \u00e9nonce les principales composantes de la gouvernance des terres de r\u00e9serve. Ce n\u2019est pas un trait\u00e9, et il n\u2019affecte pas les trait\u00e9s ou les autres droits ancestraux des Premi\u00e8res Nations.<\/p>\n<p>L\u2019Accord-cadre a \u00e9t\u00e9 ratifi\u00e9 par le Canada le 17 juin 1999 par l\u2019adoption de la Loi sur la gestion des terres des Premi\u00e8res Nations.<\/p>\n<p>L\u2019Accord-cadre offre aux Premi\u00e8res nations la possibilit\u00e9 de r\u00e9gir leurs terres de r\u00e9serve en dehors du cadre de la Loi sur les Indiens. La reprise du contr\u00f4le des terres et des ressources peut \u00eatre entreprise uniquement avec le consentement de la communaut\u00e9.<\/p>\n<p>Une Premi\u00e8re nation signataire de l\u2019Accord-cadre \u00e9labore son propre code foncier qui doit \u00eatre adopt\u00e9 au moyen d\u2019un processus de ratification communautaire, puis conclut un accord distinct avec le gouvernement du Canada.<\/p>\n<p>Lorsque le code foncier et l\u2019accord distinct sont approuv\u00e9s par la communaut\u00e9, les dispositions de la Loi sur les Indiens relatives \u00e0 la gestion des terres cessent de s\u2019appliquer. Le ministre des Affaires autochtones et du Nord canadien ne participe plus \u00e0 la gestion quotidienne des terres de r\u00e9serve de la Premi\u00e8re nation. Le code foncier n\u2019a pas \u00e0 \u00eatre approuv\u00e9 par le ministre.<\/p>\n<p>Cliquez ici pour un tableau r\u00e9capitulatif du processus :<br \/>\n<a href=\"https:\/\/labrc.com\/wp-content\/uploads\/2023\/12\/Signatory-Intake-chart-FR-December-2023.pdf\" target=\"_blank\" rel=\"noopener noreferrer\">Comment devenir signataire de l&rsquo;Accord-cadre relatif \u00e0 la gestion des terres des Premi\u00e8res Nations<br \/>\n<\/a><\/p>\n<\/div><div class=\"fusion-clearfix\"><\/div><\/div><\/div><\/div><\/div><div class=\"fusion-fullwidth fullwidth-box fusion-builder-row-2 fusion-parallax-none nonhundred-percent-fullwidth non-hundred-percent-height-scrolling fusion-equal-height-columns bgfull text-tablet text-mobile\" style=\"--awb-background-position:center top;--awb-border-radius-top-left:0px;--awb-border-radius-top-right:0px;--awb-border-radius-bottom-right:0px;--awb-border-radius-bottom-left:0px;--awb-padding-top:15%;--awb-padding-bottom:15%;--awb-margin-top:0px;--awb-margin-bottom:0px;--awb-background-image:url(&quot;https:\/\/labrc.com\/wp-content\/uploads\/2018\/11\/interested-in-background-section.jpg&quot;);--awb-background-size:cover;--awb-flex-wrap:wrap;\" ><div class=\"fusion-builder-row fusion-row\"><div class=\"fusion-layout-column fusion_builder_column fusion-builder-column-3 fusion_builder_column_1_2 1_2 fusion-one-half fusion-column-first fusion-animated roundcorners text-centered\" style=\"--awb-padding-top:5%;--awb-padding-right:5%;--awb-padding-bottom:5%;--awb-padding-left:5%;--awb-bg-color:rgba(255,255,255,0.75);--awb-bg-color-hover:rgba(255,255,255,0.75);--awb-bg-size:cover;width:50%;width:calc(50% - ( ( 4% ) * 0.5 ) );margin-right: 4%;\" data-animationType=\"fadeInLeft\" data-animationDuration=\"0.3\" data-animationOffset=\"top-into-view\"><div class=\"fusion-column-wrapper fusion-column-has-shadow fusion-flex-column-wrapper-legacy\"><div class=\"fusion-column-content-centered\"><div class=\"fusion-column-content\"><div class=\"fusion-text fusion-text-3\"><h2 style=\"text-align: left;\"><span style=\"color: #5c612a;\">Premi\u00e8re \u00e9tape<br \/>\n<\/span><\/h2>\n<\/div><div class=\"fusion-text fusion-text-4\"><p>Toute Premi\u00e8re Nation qui le souhaite devrait avoir la possibilit\u00e9 de participer \u00e0 cette initiative de gouvernance fonci\u00e8re. Il n&rsquo;y a pas de date limite, et les demandes sont examin\u00e9es de fa\u00e7on continue.<\/p>\n<p>Pour devenir signataire de l&rsquo;Accord-cadre, une Premi\u00e8re Nation doit d&rsquo;abord soumettre une RCB indiquant son intention d&rsquo;adh\u00e9rer.\u00a0\u00a0 Pour soumettre officiellement une RCB ou pour obtenir de l&rsquo;aide quant \u00e0 son libell\u00e9, veuillez communiquer avec le ou la gestionnaire des services de soutien du CR de votre r\u00e9gion en choisissant l&rsquo;une des options ci-dessous<\/p>\n<\/div><div class=\"fusion-sep-clear\"><\/div><div class=\"fusion-separator fusion-full-width-sep\" style=\"margin-left: auto;margin-right: auto;margin-bottom:40px;width:100%;\"><\/div><div class=\"fusion-sep-clear\"><\/div><div class=\"fusion-builder-row fusion-builder-row-inner fusion-row\"><div class=\"fusion-layout-column fusion_builder_column_inner fusion-builder-nested-column-0 fusion_builder_column_inner_1_1 1_1 fusion-one-full fusion-column-first fusion-column-last\" style=\"--awb-bg-size:cover;--awb-margin-top:5px;\" data-scroll-devices=\"small-visibility,medium-visibility,large-visibility\"><div class=\"fusion-column-wrapper fusion-column-has-shadow fusion-flex-column-wrapper-legacy\"><div class=\"fusion-align-block\"><a class=\"fusion-button button-flat button-medium button-custom fusion-button-default button-1 fusion-button-span-yes fusion-button-default-type\" style=\"--button_accent_color:#ffffff;--button_border_color:#ffffff;--button_accent_hover_color:#5c612a;--button_border_hover_color:#5c612a;--button_gradient_top_color:#b8ac33;--button_gradient_bottom_color:#b8ac33;--button_gradient_top_color_hover:rgba(255,255,255,0.58);--button_gradient_bottom_color_hover:rgba(255,255,255,0.58);\" target=\"_self\" href=\"mailto:pwight@labrc.com\"><span class=\"fusion-button-text awb-button__text awb-button__text--default\">R\u00e9gion du C-.B<\/span><\/a><\/div><div class=\"fusion-align-block\"><a class=\"fusion-button button-flat button-medium button-custom fusion-button-default button-2 fusion-button-span-yes fusion-button-default-type\" style=\"--button_accent_color:#ffffff;--button_border_color:#ffffff;--button_accent_hover_color:#5c612a;--button_border_hover_color:#5c612a;--button_gradient_top_color:#b8ac33;--button_gradient_bottom_color:#b8ac33;--button_gradient_top_color_hover:rgba(255,255,255,0.58);--button_gradient_bottom_color_hover:rgba(255,255,255,0.58);\" target=\"_self\" href=\"mailto:dunger@labrc.com\"><span class=\"fusion-button-text awb-button__text awb-button__text--default\">R\u00e9gion de la vall\u00e9e du Fraser<\/span><\/a><\/div><div class=\"fusion-align-block\"><a class=\"fusion-button button-flat button-medium button-custom fusion-button-default button-3 fusion-button-span-yes fusion-button-default-type\" style=\"--button_accent_color:#ffffff;--button_border_color:#ffffff;--button_accent_hover_color:#5c612a;--button_border_hover_color:#5c612a;--button_gradient_top_color:#b8ac33;--button_gradient_bottom_color:#b8ac33;--button_gradient_top_color_hover:rgba(255,255,255,0.58);--button_gradient_bottom_color_hover:rgba(255,255,255,0.58);\" target=\"_self\" href=\"mailto:epeterson@labrc.com\"><span class=\"fusion-button-text awb-button__text awb-button__text--default\">R\u00e9gion des Prairies<\/span><\/a><\/div><div class=\"fusion-align-block\"><a class=\"fusion-button button-flat button-medium button-custom fusion-button-default button-4 fusion-button-span-yes fusion-button-default-type\" style=\"--button_accent_color:#ffffff;--button_border_color:#ffffff;--button_accent_hover_color:#5c612a;--button_border_hover_color:#5c612a;--button_gradient_top_color:#b8ac33;--button_gradient_bottom_color:#b8ac33;--button_gradient_top_color_hover:rgba(255,255,255,0.58);--button_gradient_bottom_color_hover:rgba(255,255,255,0.58);\" target=\"_self\" href=\"mailto:crestoule@labrc.com\"><span class=\"fusion-button-text awb-button__text awb-button__text--default\">R\u00e9gion de l&rsquo;Est<\/span><\/a><\/div><div class=\"fusion-clearfix\"><\/div><\/div><\/div><\/div><\/div><\/div><div class=\"fusion-clearfix\"><\/div><\/div><\/div><div class=\"fusion-layout-column fusion_builder_column fusion-builder-column-4 fusion_builder_column_1_2 1_2 fusion-one-half fusion-column-last fusion-animated roundcorners text-centered\" style=\"--awb-padding-top:5%;--awb-padding-right:5%;--awb-padding-bottom:5%;--awb-padding-left:5%;--awb-bg-color:rgba(255,255,255,0.75);--awb-bg-color-hover:rgba(255,255,255,0.75);--awb-bg-size:cover;width:50%;width:calc(50% - ( ( 4% ) * 0.5 ) );\" data-animationType=\"fadeInLeft\" data-animationDuration=\"0.3\" data-animationOffset=\"top-into-view\"><div class=\"fusion-column-wrapper fusion-column-has-shadow fusion-flex-column-wrapper-legacy\"><div class=\"fusion-column-content-centered\"><div class=\"fusion-column-content\"><div class=\"fusion-text fusion-text-5\"><h2 style=\"text-align: left;\"><span style=\"color: #5c612a;\">Demande de pr\u00e9sentation<br \/>\n<\/span><\/h2>\n<\/div><div class=\"fusion-text fusion-text-6\"><p>Le CCT et le CR sont d\u00e9termin\u00e9s \u00e0 aider toutes les Premi\u00e8res Nations qui d\u00e9sirent exercer leur droit inh\u00e9rent de contr\u00f4ler les terres et les ressources de leur r\u00e9serve.<\/p>\n<p>Faites-nous savoir si vous souhaitez plus d&rsquo;information ou souhaitez organiser une pr\u00e9sentation \u00e0 l&rsquo;intention de votre communaut\u00e9 et de ses dirigeants.<\/p>\n<\/div><div class=\"fusion-sep-clear\"><\/div><div class=\"fusion-separator fusion-full-width-sep\" style=\"margin-left: auto;margin-right: auto;margin-bottom:40px;width:100%;\"><\/div><div class=\"fusion-sep-clear\"><\/div><div class=\"fusion-align-block\"><a class=\"fusion-button button-flat button-medium button-custom fusion-button-default button-5 fusion-button-span-yes fusion-button-default-type\" style=\"--button_accent_color:#ffffff;--button_border_color:#ffffff;--button_accent_hover_color:#5c612a;--button_border_hover_color:#5c612a;--button_gradient_top_color:#b8ac33;--button_gradient_bottom_color:#b8ac33;--button_gradient_top_color_hover:rgba(255,255,255,0.58);--button_gradient_bottom_color_hover:rgba(255,255,255,0.58);\" target=\"_self\" href=\"\/contact-us\/\"><span class=\"fusion-button-text awb-button__text awb-button__text--default\">Contactez-nous<\/span><\/a><\/div><\/div><\/div><div class=\"fusion-clearfix\"><\/div><\/div><\/div><div class=\"fusion-layout-column fusion_builder_column fusion-builder-column-5 fusion_builder_column_1_1 1_1 fusion-one-full fusion-column-first fusion-column-last fusion-column-no-min-height\" style=\"--awb-bg-size:cover;--awb-margin-bottom:0px;\"><div class=\"fusion-column-wrapper fusion-column-has-shadow fusion-flex-column-wrapper-legacy\"><div class=\"fusion-sep-clear\"><\/div><div class=\"fusion-separator fusion-full-width-sep\" style=\"margin-left: auto;margin-right: auto;margin-bottom:20px;width:100%;\"><\/div><div class=\"fusion-sep-clear\"><\/div><div class=\"fusion-clearfix\"><\/div><\/div><\/div><\/div><\/div><div class=\"fusion-fullwidth fullwidth-box fusion-builder-row-3 fusion-flex-container nonhundred-percent-fullwidth non-hundred-percent-height-scrolling\" style=\"--awb-border-radius-top-left:0px;--awb-border-radius-top-right:0px;--awb-border-radius-bottom-right:0px;--awb-border-radius-bottom-left:0px;--awb-padding-top:5%;--awb-padding-bottom:5%;--awb-margin-top:-2px;--awb-background-color:#ffffff;--awb-flex-wrap:wrap;\" ><div class=\"fusion-builder-row fusion-row fusion-flex-align-items-center fusion-flex-justify-content-center fusion-flex-content-wrap\" style=\"max-width:1996.8px;margin-left: calc(-4% \/ 2 );margin-right: calc(-4% \/ 2 );\"><div class=\"fusion-layout-column fusion_builder_column fusion-builder-column-6 fusion_builder_column_1_1 1_1 fusion-flex-column fusion-flex-align-self-flex-start fusion-column-no-min-height\" style=\"--awb-bg-size:cover;--awb-width-large:100%;--awb-margin-top-large:0px;--awb-spacing-right-large:1.92%;--awb-margin-bottom-large:0px;--awb-spacing-left-large:1.92%;--awb-width-medium:100%;--awb-spacing-right-medium:1.92%;--awb-spacing-left-medium:1.92%;--awb-width-small:100%;--awb-spacing-right-small:1.92%;--awb-spacing-left-small:1.92%;\"><div class=\"fusion-column-wrapper fusion-column-has-shadow fusion-flex-justify-content-flex-start fusion-content-layout-column\"><div class=\"fusion-text fusion-text-7\"><h2 style=\"text-align: center;\"><span style=\"color: #5c612a;\">Cours en ligne<br \/>\n<\/span><\/h2>\n<\/div><div class=\"fusion-separator fusion-full-width-sep\" style=\"align-self: center;margin-left: auto;margin-right: auto;margin-bottom:40px;width:100%;\"><\/div><div class=\"fusion-text fusion-text-8\"><p style=\"text-align: center;\">Nous invitons les Premi\u00e8res Nations qui d\u00e9sirent \u00e0 en apprendre davantage au sujet de l&rsquo;Accord-cadre \u00e0 explorer les cours offerts en ligne et \u00e0 contacter le CR pour une pr\u00e9sentation dans votre communaut\u00e9.<\/p>\n<\/div><\/div><\/div><div class=\"fusion-layout-column fusion_builder_column fusion-builder-column-7 fusion_builder_column_1_3 1_3 fusion-flex-column\" style=\"--awb-bg-size:cover;--awb-width-large:33.3333333333%;--awb-margin-top-large:0px;--awb-spacing-right-large:5.76%;--awb-margin-bottom-large:20px;--awb-spacing-left-large:5.76%;--awb-width-medium:33.3333333333%;--awb-order-medium:0;--awb-spacing-right-medium:5.76%;--awb-spacing-left-medium:5.76%;--awb-width-small:100%;--awb-order-small:0;--awb-spacing-right-small:1.92%;--awb-spacing-left-small:1.92%;\"><div class=\"fusion-column-wrapper fusion-column-has-shadow fusion-flex-justify-content-flex-start fusion-content-layout-column\"><div class='w3eden'><div class=\"card mb-3\">\n  <div class=\"card-header\"> \n   <a href=\"https:\/\/labrc.com\/fr\/resource\/framework-agreement\/\"><h3 class=\"card-title mb-2 mt-0 p-0\">Framework Agreement<\/h3><\/a>\n      <img decoding=\"async\" class=\"wpdm_icon\" alt=\"Icon\" src=\"https:\/\/labrc.com\/wp-content\/plugins\/download-manager\/assets\/file-type-icons\/zip.svg\" \/> \n   <\/div>\n  <div class=\"card-body\">      \n        <a href=\"https:\/\/labrc.com\/fr\/resource\/framework-agreement\/\" class=\"btn btn-primary\">View Resource<\/a>\n    <\/div>\n\n<\/div>\n<\/div>\n<\/div><\/div><div class=\"fusion-layout-column fusion_builder_column fusion-builder-column-8 fusion_builder_column_1_1 1_1 fusion-flex-column fusion-flex-align-self-flex-start fusion-column-no-min-height fusion-animated\" style=\"--awb-bg-size:cover;--awb-width-large:100%;--awb-margin-top-large:0px;--awb-spacing-right-large:1.92%;--awb-margin-bottom-large:0px;--awb-spacing-left-large:1.92%;--awb-width-medium:100%;--awb-spacing-right-medium:1.92%;--awb-spacing-left-medium:1.92%;--awb-width-small:100%;--awb-spacing-right-small:1.92%;--awb-spacing-left-small:1.92%;\" data-animationType=\"fadeInLeft\" data-animationDuration=\"0.3\" data-animationOffset=\"top-into-view\"><div class=\"fusion-column-wrapper fusion-flex-justify-content-flex-start fusion-content-layout-column\"><div class=\"fusion-text fusion-text-9\"><p style=\"text-align: center;\"><em>\u00ab\u2009Aider les Premi\u00e8res Nations \u00e0 exercer leur droit inh\u00e9rent de gestion de leurs terres et leurs ressources.\u2009\u00bb<\/em><\/p>\n<\/div><div style=\"text-align:center;\"><a class=\"fusion-button button-flat button-medium button-custom fusion-button-default button-6 fusion-button-span-no fusion-button-default-type\" style=\"--button_accent_color:#a59e29;--button_border_color:#a59e29;--button_accent_hover_color:#ffffff;--button_border_hover_color:#ffffff;--button_gradient_top_color:rgba(255,255,255,0.5);--button_gradient_bottom_color:rgba(255,255,255,0.5);--button_gradient_top_color_hover:#a59e29;--button_gradient_bottom_color_hover:#a59e29;\" target=\"_self\" href=\"\/fr\/outils-de-gouvernance-fonciere\/ressources\/\"><span class=\"fusion-button-text awb-button__text awb-button__text--default\">Consultez notre biblioth\u00e8que de ressources<\/span><\/a><\/div><div class=\"fusion-separator fusion-full-width-sep\" style=\"align-self: center;margin-left: auto;margin-right: auto;margin-bottom:5%;width:100%;\"><\/div><\/div><\/div><\/div><\/div><div class=\"fusion-fullwidth fullwidth-box fusion-builder-row-4 nonhundred-percent-fullwidth non-hundred-percent-height-scrolling\" style=\"--awb-border-radius-top-left:0px;--awb-border-radius-top-right:0px;--awb-border-radius-bottom-right:0px;--awb-border-radius-bottom-left:0px;--awb-margin-bottom:10%;--awb-flex-wrap:wrap;\" ><div class=\"fusion-builder-row fusion-row\"><div class=\"fusion-layout-column fusion_builder_column fusion-builder-column-9 fusion_builder_column_1_2 1_2 fusion-one-half fusion-column-first\" style=\"--awb-bg-size:cover;width:50%;width:calc(50% - ( ( 4% ) * 0.5 ) );margin-right: 4%;\"><div class=\"fusion-column-wrapper fusion-flex-column-wrapper-legacy\"><div class=\"fusion-sep-clear\"><\/div><div class=\"fusion-separator fusion-full-width-sep\" style=\"margin-left: auto;margin-right: auto;margin-bottom:5%;width:100%;\"><\/div><div class=\"fusion-sep-clear\"><\/div><div class=\"fusion-image-element in-legacy-container\" style=\"--awb-caption-title-font-family:var(--h2_typography-font-family);--awb-caption-title-font-weight:var(--h2_typography-font-weight);--awb-caption-title-font-style:var(--h2_typography-font-style);--awb-caption-title-size:var(--h2_typography-font-size);--awb-caption-title-transform:var(--h2_typography-text-transform);--awb-caption-title-line-height:var(--h2_typography-line-height);--awb-caption-title-letter-spacing:var(--h2_typography-letter-spacing);\"><span class=\" fusion-imageframe imageframe-none imageframe-3 hover-type-none\"><a class=\"fusion-no-lightbox\" href=\"https:\/\/labrc.com\/wp-content\/uploads\/2023\/05\/Quick-facts-April-2026-FR.pdf\" target=\"_self\" aria-label=\"Screenshot 2026-04-17 170608\"><img decoding=\"async\" width=\"756\" height=\"987\" src=\"https:\/\/labrc.com\/wp-content\/uploads\/2026\/04\/Screenshot-2026-04-17-170608.png\" alt class=\"img-responsive wp-image-42958\" srcset=\"https:\/\/labrc.com\/wp-content\/uploads\/2026\/04\/Screenshot-2026-04-17-170608-200x261.png 200w, https:\/\/labrc.com\/wp-content\/uploads\/2026\/04\/Screenshot-2026-04-17-170608-400x522.png 400w, https:\/\/labrc.com\/wp-content\/uploads\/2026\/04\/Screenshot-2026-04-17-170608-600x783.png 600w, https:\/\/labrc.com\/wp-content\/uploads\/2026\/04\/Screenshot-2026-04-17-170608.png 756w\" sizes=\"(max-width: 1048px) 100vw, 756px\" \/><\/a><\/span><\/div><div class=\"fusion-clearfix\"><\/div><\/div><\/div><div class=\"fusion-layout-column fusion_builder_column fusion-builder-column-10 fusion_builder_column_1_2 1_2 fusion-one-half fusion-column-last\" style=\"--awb-bg-size:cover;width:50%;width:calc(50% - ( ( 4% ) * 0.5 ) );\"><div class=\"fusion-column-wrapper fusion-flex-column-wrapper-legacy\"><div class=\"fusion-text fusion-text-10\"><h5>Exemple de r\u00e9ussites dans le contexte de l&rsquo;Accord-cadre<\/h5>\n<ul>\n<li>D\u00e9cisions d&rsquo;affaires et administratives en temps opportun<\/li>\n<li>Reddition de comptes et transparence accrues<\/li>\n<li>Stabilit\u00e9 politique et financi\u00e8re<\/li>\n<li>Securit\u00e9 du r\u00e9gime foncier (individuel et collectif)<\/li>\n<li>Augmentation de la valeur des biens<\/li>\n<li>Possibilit\u00e9s de d\u00e9veloppement \u00e9conomique et communautaire durable<\/li>\n<li>Possibilit\u00e9s accrues pour les membres (emplois, commerciales, \u00e9ducation, etc.)<\/li>\n<li>Am\u00e9lioration du niveau de vie et du tissus social de la communaut\u00e9<\/li>\n<li>Augmentation des investissements en immobilisation (infrastructure et d\u00e9veloppement foncier connexe)<\/li>\n<li>Sensibilisation culturelle et programmation culturelle accrues<\/li>\n<li>Fiert\u00e9 communautaire de gouvernance autonome sans ing\u00e9rance du Canada<\/li>\n<li>Croissance importante de l&rsquo;\u00e9conomie locale (fiscale et \u00e9conomique)<\/li>\n<\/ul>\n<\/div><div class=\"fusion-sep-clear\"><\/div><div class=\"fusion-separator fusion-full-width-sep\" style=\"margin-left: auto;margin-right: auto;margin-bottom:5%;width:100%;\"><\/div><div class=\"fusion-sep-clear\"><\/div><div class=\"fusion-clearfix\"><\/div><\/div><\/div><\/div><\/div><div class=\"fusion-fullwidth fullwidth-box fusion-builder-row-5 nonhundred-percent-fullwidth non-hundred-percent-height-scrolling\" style=\"--awb-border-radius-top-left:0px;--awb-border-radius-top-right:0px;--awb-border-radius-bottom-right:0px;--awb-border-radius-bottom-left:0px;--awb-flex-wrap:wrap;\" ><div class=\"fusion-builder-row fusion-row\"><div class=\"fusion-layout-column fusion_builder_column fusion-builder-column-11 fusion_builder_column_1_1 1_1 fusion-one-full fusion-column-first fusion-column-last\" style=\"--awb-bg-size:cover;--awb-margin-bottom:0px;\"><div class=\"fusion-column-wrapper fusion-flex-column-wrapper-legacy\"><div class=\"fusion-text fusion-text-11\"><p>&nbsp;<\/p>\n<\/div><div class=\"fusion-clearfix\"><\/div><\/div><\/div><\/div><\/div><\/p>\n","protected":false},"excerpt":{"rendered":"","protected":false},"author":52,"featured_media":0,"parent":4445,"menu_order":0,"comment_status":"closed","ping_status":"closed","template":"100-width.php","meta":{"_acf_changed":false,"_exactmetrics_skip_tracking":false,"_exactmetrics_sitenote_active":false,"_exactmetrics_sitenote_note":"","_exactmetrics_sitenote_category":0,"footnotes":""},"class_list":["post-4375","page","type-page","status-publish","hentry"],"acf":[],"yoast_head":"<!-- This site is optimized with the Yoast SEO plugin v27.3 - https:\/\/yoast.com\/product\/yoast-seo-wordpress\/ -->\n<title>Premi\u00e8re Nation int\u00e9ress\u00e9e &#8226; Centre de ressources sur la gestion des terres des Premi\u00e8res Nations (CR)<\/title>\n<meta name=\"robots\" content=\"index, follow, max-snippet:-1, max-image-preview:large, max-video-preview:-1\" \/>\n<link rel=\"canonical\" href=\"https:\/\/labrc.com\/fr\/mise-en-route\/premiere-nation-interessee\/\" \/>\n<meta property=\"og:locale\" content=\"fr_CA\" \/>\n<meta property=\"og:type\" content=\"article\" \/>\n<meta property=\"og:title\" content=\"Premi\u00e8re Nation int\u00e9ress\u00e9e &#8226; Centre de ressources sur la gestion des terres des Premi\u00e8res Nations (CR)\" \/>\n<meta property=\"og:url\" content=\"https:\/\/labrc.com\/fr\/mise-en-route\/premiere-nation-interessee\/\" \/>\n<meta property=\"og:site_name\" content=\"Centre de ressources sur la gestion des terres des Premi\u00e8res Nations (CR)\" \/>\n<meta property=\"article:publisher\" content=\"https:\/\/www.facebook.com\/FNLMRC\/\" \/>\n<meta property=\"article:modified_time\" content=\"2026-04-17T20:15:05+00:00\" \/>\n<meta property=\"og:image\" content=\"https:\/\/labrc.com\/wp-content\/uploads\/2018\/11\/share.png\" \/>\n\t<meta property=\"og:image:width\" content=\"1970\" \/>\n\t<meta property=\"og:image:height\" content=\"777\" \/>\n\t<meta property=\"og:image:type\" content=\"image\/png\" \/>\n<meta name=\"twitter:card\" content=\"summary_large_image\" \/>\n<meta name=\"twitter:label1\" content=\"Estimation du temps de lecture\" \/>\n\t<meta name=\"twitter:data1\" content=\"4 minutes\" \/>\n<script type=\"application\/ld+json\" class=\"yoast-schema-graph\">{\"@context\":\"https:\\\/\\\/schema.org\",\"@graph\":[{\"@type\":\"WebPage\",\"@id\":\"https:\\\/\\\/labrc.com\\\/fr\\\/mise-en-route\\\/premiere-nation-interessee\\\/\",\"url\":\"https:\\\/\\\/labrc.com\\\/fr\\\/mise-en-route\\\/premiere-nation-interessee\\\/\",\"name\":\"Premi\u00e8re Nation int\u00e9ress\u00e9e &#8226; Centre de ressources sur la gestion des terres des Premi\u00e8res Nations (CR)\",\"isPartOf\":{\"@id\":\"https:\\\/\\\/labrc.com\\\/#website\"},\"datePublished\":\"2020-03-05T21:52:01+00:00\",\"dateModified\":\"2026-04-17T20:15:05+00:00\",\"breadcrumb\":{\"@id\":\"https:\\\/\\\/labrc.com\\\/fr\\\/mise-en-route\\\/premiere-nation-interessee\\\/#breadcrumb\"},\"inLanguage\":\"fr-CA\",\"potentialAction\":[{\"@type\":\"ReadAction\",\"target\":[\"https:\\\/\\\/labrc.com\\\/fr\\\/mise-en-route\\\/premiere-nation-interessee\\\/\"]}]},{\"@type\":\"BreadcrumbList\",\"@id\":\"https:\\\/\\\/labrc.com\\\/fr\\\/mise-en-route\\\/premiere-nation-interessee\\\/#breadcrumb\",\"itemListElement\":[{\"@type\":\"ListItem\",\"position\":1,\"name\":\"Home\",\"item\":\"https:\\\/\\\/labrc.com\\\/fr\\\/\"},{\"@type\":\"ListItem\",\"position\":2,\"name\":\"Mise en route\",\"item\":\"https:\\\/\\\/labrc.com\\\/fr\\\/mise-en-route\\\/\"},{\"@type\":\"ListItem\",\"position\":3,\"name\":\"Premi\u00e8re Nation int\u00e9ress\u00e9e\"}]},{\"@type\":\"WebSite\",\"@id\":\"https:\\\/\\\/labrc.com\\\/#website\",\"url\":\"https:\\\/\\\/labrc.com\\\/\",\"name\":\"Centre de ressources sur la gestion des terres des Premi\u00e8res Nations (CR)\",\"description\":\"The LABRC is the service delivery organization that fulfills the LAB\u2019s technical and administrative responsibilities under the Framework\",\"potentialAction\":[{\"@type\":\"SearchAction\",\"target\":{\"@type\":\"EntryPoint\",\"urlTemplate\":\"https:\\\/\\\/labrc.com\\\/?s={search_term_string}\"},\"query-input\":{\"@type\":\"PropertyValueSpecification\",\"valueRequired\":true,\"valueName\":\"search_term_string\"}}],\"inLanguage\":\"fr-CA\"}]}<\/script>\n<!-- \/ Yoast SEO plugin. -->","yoast_head_json":{"title":"Premi\u00e8re Nation int\u00e9ress\u00e9e &#8226; Centre de ressources sur la gestion des terres des Premi\u00e8res Nations (CR)","robots":{"index":"index","follow":"follow","max-snippet":"max-snippet:-1","max-image-preview":"max-image-preview:large","max-video-preview":"max-video-preview:-1"},"canonical":"https:\/\/labrc.com\/fr\/mise-en-route\/premiere-nation-interessee\/","og_locale":"fr_CA","og_type":"article","og_title":"Premi\u00e8re Nation int\u00e9ress\u00e9e &#8226; Centre de ressources sur la gestion des terres des Premi\u00e8res Nations (CR)","og_url":"https:\/\/labrc.com\/fr\/mise-en-route\/premiere-nation-interessee\/","og_site_name":"Centre de ressources sur la gestion des terres des Premi\u00e8res Nations (CR)","article_publisher":"https:\/\/www.facebook.com\/FNLMRC\/","article_modified_time":"2026-04-17T20:15:05+00:00","og_image":[{"width":1970,"height":777,"url":"https:\/\/labrc.com\/wp-content\/uploads\/2018\/11\/share.png","type":"image\/png"}],"twitter_card":"summary_large_image","twitter_misc":{"Estimation du temps de lecture":"4 minutes"},"schema":{"@context":"https:\/\/schema.org","@graph":[{"@type":"WebPage","@id":"https:\/\/labrc.com\/fr\/mise-en-route\/premiere-nation-interessee\/","url":"https:\/\/labrc.com\/fr\/mise-en-route\/premiere-nation-interessee\/","name":"Premi\u00e8re Nation int\u00e9ress\u00e9e &#8226; Centre de ressources sur la gestion des terres des Premi\u00e8res Nations (CR)","isPartOf":{"@id":"https:\/\/labrc.com\/#website"},"datePublished":"2020-03-05T21:52:01+00:00","dateModified":"2026-04-17T20:15:05+00:00","breadcrumb":{"@id":"https:\/\/labrc.com\/fr\/mise-en-route\/premiere-nation-interessee\/#breadcrumb"},"inLanguage":"fr-CA","potentialAction":[{"@type":"ReadAction","target":["https:\/\/labrc.com\/fr\/mise-en-route\/premiere-nation-interessee\/"]}]},{"@type":"BreadcrumbList","@id":"https:\/\/labrc.com\/fr\/mise-en-route\/premiere-nation-interessee\/#breadcrumb","itemListElement":[{"@type":"ListItem","position":1,"name":"Home","item":"https:\/\/labrc.com\/fr\/"},{"@type":"ListItem","position":2,"name":"Mise en route","item":"https:\/\/labrc.com\/fr\/mise-en-route\/"},{"@type":"ListItem","position":3,"name":"Premi\u00e8re Nation int\u00e9ress\u00e9e"}]},{"@type":"WebSite","@id":"https:\/\/labrc.com\/#website","url":"https:\/\/labrc.com\/","name":"Centre de ressources sur la gestion des terres des Premi\u00e8res Nations (CR)","description":"The LABRC is the service delivery organization that fulfills the LAB\u2019s technical and administrative responsibilities under the Framework","potentialAction":[{"@type":"SearchAction","target":{"@type":"EntryPoint","urlTemplate":"https:\/\/labrc.com\/?s={search_term_string}"},"query-input":{"@type":"PropertyValueSpecification","valueRequired":true,"valueName":"search_term_string"}}],"inLanguage":"fr-CA"}]}},"_links":{"self":[{"href":"https:\/\/labrc.com\/fr\/wp-json\/wp\/v2\/pages\/4375","targetHints":{"allow":["GET"]}}],"collection":[{"href":"https:\/\/labrc.com\/fr\/wp-json\/wp\/v2\/pages"}],"about":[{"href":"https:\/\/labrc.com\/fr\/wp-json\/wp\/v2\/types\/page"}],"author":[{"embeddable":true,"href":"https:\/\/labrc.com\/fr\/wp-json\/wp\/v2\/users\/52"}],"replies":[{"embeddable":true,"href":"https:\/\/labrc.com\/fr\/wp-json\/wp\/v2\/comments?post=4375"}],"version-history":[{"count":0,"href":"https:\/\/labrc.com\/fr\/wp-json\/wp\/v2\/pages\/4375\/revisions"}],"up":[{"embeddable":true,"href":"https:\/\/labrc.com\/fr\/wp-json\/wp\/v2\/pages\/4445"}],"wp:attachment":[{"href":"https:\/\/labrc.com\/fr\/wp-json\/wp\/v2\/media?parent=4375"}],"curies":[{"name":"wp","href":"https:\/\/api.w.org\/{rel}","templated":true}]}}