{"id":16196,"date":"2021-07-29T11:13:13","date_gmt":"2021-07-29T18:13:13","guid":{"rendered":"https:\/\/labrc.com\/press-notices-in-development\/"},"modified":"2024-04-17T14:00:47","modified_gmt":"2024-04-17T21:00:47","slug":"communiques-de-presse-et-avis","status":"publish","type":"page","link":"https:\/\/labrc.com\/fr\/nouvelles\/communiques-de-presse-et-avis\/","title":{"rendered":"Communiqu\u00e9s de presse et avis"},"content":{"rendered":"<p><div class=\"fusion-fullwidth fullwidth-box fusion-builder-row-1 fusion-flex-container nonhundred-percent-fullwidth non-hundred-percent-height-scrolling\" style=\"--awb-border-radius-top-left:0px;--awb-border-radius-top-right:0px;--awb-border-radius-bottom-right:0px;--awb-border-radius-bottom-left:0px;--awb-padding-top:0px;--awb-padding-right:2.5vw;--awb-padding-bottom:0px;--awb-padding-left:2.5vw;--awb-margin-top:0px;--awb-margin-bottom:0px;--awb-flex-wrap:wrap;\" ><div class=\"fusion-builder-row fusion-row fusion-flex-align-items-flex-start fusion-flex-content-wrap\" style=\"max-width:1996.8px;margin-left: calc(-4% \/ 2 );margin-right: calc(-4% \/ 2 );\"><div class=\"fusion-layout-column fusion_builder_column fusion-builder-column-0 fusion_builder_column_1_1 1_1 fusion-flex-column\" style=\"--awb-bg-size:cover;--awb-width-large:100%;--awb-margin-top-large:0px;--awb-spacing-right-large:1.92%;--awb-margin-bottom-large:20px;--awb-spacing-left-large:1.92%;--awb-width-medium:100%;--awb-spacing-right-medium:1.92%;--awb-spacing-left-medium:1.92%;--awb-width-small:100%;--awb-spacing-right-small:1.92%;--awb-spacing-left-small:1.92%;\"><div class=\"fusion-column-wrapper fusion-flex-justify-content-flex-start fusion-content-layout-column\"><div class=\"fusion-text fusion-text-1 sm-text-align-center\"><h4 class=\"fusion-responsive-typography-calculated\" style=\"--fontsize: 22; line-height: 1.4; --minfontsize: 22;\" data-fontsize=\"22\" data-lineheight=\"30.8px\">Merci d\u2019avoir visit\u00e9 notre page \u00ab\u2009Communiqu\u00e9s de presse et avis\u2009\u00bb o\u00f9 le CCT et le CR partagent de l\u2019information de grand int\u00e9r\u00eat pour les Premi\u00e8res Nations signataires de l\u2019Accord-cadre.<\/h4>\n<\/div><\/div><\/div><\/div><\/div><div class=\"fusion-fullwidth fullwidth-box fusion-builder-row-2 fusion-flex-container nonhundred-percent-fullwidth non-hundred-percent-height-scrolling\" style=\"--awb-border-radius-top-left:0px;--awb-border-radius-top-right:0px;--awb-border-radius-bottom-right:0px;--awb-border-radius-bottom-left:0px;--awb-padding-right:2.5vw;--awb-padding-bottom:0px;--awb-padding-left:2.5vw;--awb-margin-top:-2px;--awb-flex-wrap:wrap;\" ><div class=\"fusion-builder-row fusion-row fusion-flex-align-items-flex-start fusion-flex-align-content-center fusion-flex-justify-content-space-between fusion-flex-content-wrap\" style=\"max-width:1996.8px;margin-left: calc(-4% \/ 2 );margin-right: calc(-4% \/ 2 );\"><div class=\"fusion-layout-column fusion_builder_column fusion-builder-column-1 fusion_builder_column_2_3 2_3 fusion-flex-column fusion-flex-align-self-stretch\" style=\"--awb-bg-size:cover;--awb-width-large:66.6666666667%;--awb-margin-top-large:0px;--awb-spacing-right-large:2.88%;--awb-margin-bottom-large:20px;--awb-spacing-left-large:2.88%;--awb-width-medium:100%;--awb-spacing-right-medium:1.92%;--awb-spacing-left-medium:1.92%;--awb-width-small:100%;--awb-spacing-right-small:1.92%;--awb-spacing-left-small:1.92%;\"><div class=\"fusion-column-wrapper fusion-flex-justify-content-center fusion-content-layout-column\"><div class=\"fusion-text fusion-text-2 sm-text-align-center fusion-text-no-margin\" style=\"--awb-margin-bottom:0px;\"><p><b>Suivez-nous sur les r\u00e9seaux sociaux pour les nouvelles r\u00e9centes, les \u00e9v\u00e9nements \u00e0 venir et plus encore.<\/b><\/p>\n<\/div><\/div><\/div><div class=\"fusion-layout-column fusion_builder_column fusion-builder-column-2 fusion-flex-column\" style=\"--awb-padding-right:2.5vw;--awb-bg-size:cover;--awb-width-large:auto;--awb-margin-top-large:0px;--awb-spacing-right-large:0px;--awb-margin-bottom-large:20px;--awb-spacing-left-large:2%;--awb-width-medium:100%;--awb-spacing-right-medium:0px;--awb-spacing-left-medium:1.92%;--awb-width-small:100%;--awb-spacing-right-small:0px;--awb-spacing-left-small:1.92%;\"><div class=\"fusion-column-wrapper fusion-flex-justify-content-center fusion-content-layout-row fusion-flex-align-items-center fusion-content-nowrap\"><a class=\"fb-icon-element-1 fb-icon-element fontawesome-icon fa-facebook-f fab circle-yes fusion-link\" style=\"--awb-iconcolor-hover:#b8ac33;--awb-circlecolor:#b8ac33;--awb-circlecolor-hover:rgba(71,114,184,0);--awb-circlebordercolor:#b8ac33;--awb-circlebordercolor-hover:#b8ac33;--awb-circlebordersize:2px;--awb-font-size:28.16px;--awb-width:56.32px;--awb-height:56.32px;--awb-line-height:52.32px;--awb-align-self:center;--awb-margin-top:0px;--awb-margin-right:60px;--awb-margin-bottom:0px;--awb-margin-left:0px;\" href=\"https:\/\/www.facebook.com\/FNLMRC\/\" target=\"_blank\" aria-label=\"Link to https:\/\/www.facebook.com\/FNLMRC\/\" rel=\"noopener noreferrer\"><\/a><a class=\"fb-icon-element-2 fb-icon-element fontawesome-icon fa-instagram fab circle-yes fusion-link\" style=\"--awb-iconcolor-hover:#b8ac33;--awb-circlecolor:#b8ac33;--awb-circlecolor-hover:rgba(71,114,184,0);--awb-circlebordercolor:#b8ac33;--awb-circlebordercolor-hover:#b8ac33;--awb-circlebordersize:2px;--awb-font-size:28.16px;--awb-width:56.32px;--awb-height:56.32px;--awb-line-height:52.32px;--awb-margin-top:0;--awb-margin-right:0;--awb-margin-bottom:0;--awb-margin-left:0;--awb-align-self:center;\" href=\"https:\/\/www.instagram.com\/resourcecentre_tmpd\/\" target=\"_blank\" aria-label=\"Link to https:\/\/www.instagram.com\/resourcecentre_tmpd\/\" rel=\"noopener noreferrer\"><\/a><\/div><\/div><\/div><\/div><div class=\"fusion-fullwidth fullwidth-box fusion-builder-row-3 nonhundred-percent-fullwidth non-hundred-percent-height-scrolling\" style=\"--awb-border-radius-top-left:0px;--awb-border-radius-top-right:0px;--awb-border-radius-bottom-right:0px;--awb-border-radius-bottom-left:0px;--awb-padding-top:30px;--awb-padding-right:2.5vw;--awb-padding-bottom:30px;--awb-padding-left:2.5vw;--awb-flex-wrap:wrap;\" ><div class=\"fusion-builder-row fusion-row\"><div class=\"fusion-layout-column fusion_builder_column fusion-builder-column-3 fusion_builder_column_1_1 1_1 fusion-one-full fusion-column-first fusion-column-last\" style=\"--awb-bg-size:cover;\"><div class=\"fusion-column-wrapper fusion-column-has-shadow fusion-flex-column-wrapper-legacy\"><div class=\"fusion-title title fusion-title-1 fusion-sep-none fusion-title-text fusion-title-size-two\" style=\"--awb-margin-top-small:0px;--awb-margin-right-small:0px;--awb-margin-bottom-small:20px;--awb-margin-left-small:0px;\"><h2 class=\"fusion-title-heading title-heading-left fusion-responsive-typography-calculated\" style=\"margin:0;--fontSize:38;line-height:1.25;\">Dossier de presse:<\/h2><\/div><div class=\"fusion-clearfix\"><\/div><\/div><\/div><div class=\"fusion-layout-column fusion_builder_column fusion-builder-column-4 fusion_builder_column_1_3 1_3 fusion-one-third fusion-column-first\" style=\"--awb-bg-size:cover;--awb-margin-bottom:60px;width:33.3333333333%;width:calc(33.3333333333% - ( ( 4% + 4% ) * 0.333333333333 ) );margin-right: 4%;\"><div class=\"fusion-column-wrapper fusion-flex-column-wrapper-legacy\"><div class=\"fusion-image-element fusion-image-align-center in-legacy-container\" style=\"text-align:center;--awb-margin-bottom:30px;--awb-caption-title-font-family:var(--h2_typography-font-family);--awb-caption-title-font-weight:var(--h2_typography-font-weight);--awb-caption-title-font-style:var(--h2_typography-font-style);--awb-caption-title-size:var(--h2_typography-font-size);--awb-caption-title-transform:var(--h2_typography-text-transform);--awb-caption-title-line-height:var(--h2_typography-line-height);--awb-caption-title-letter-spacing:var(--h2_typography-letter-spacing);\"><div class=\"imageframe-align-center\"><span class=\" fusion-imageframe imageframe-none imageframe-1 hover-type-none\" style=\"border:5px solid #4772b8;border-radius:100%\/20px;\"><a class=\"fusion-no-lightbox\" href=\"https:\/\/labrc.com\/wp-content\/uploads\/2023\/05\/Key-Messages-April-2024-FR.pdf\" target=\"_self\" aria-label=\"Key Messages January 2024 Final_FRENCH_Page_1\"><img decoding=\"async\" width=\"400\" height=\"518\" src=\"https:\/\/labrc.com\/wp-content\/uploads\/2024\/01\/Key-Messages-January-2024-Final_FRENCH_Page_1-400x518.jpg\" alt class=\"img-responsive wp-image-39301\" srcset=\"https:\/\/labrc.com\/wp-content\/uploads\/2024\/01\/Key-Messages-January-2024-Final_FRENCH_Page_1-200x259.jpg 200w, https:\/\/labrc.com\/wp-content\/uploads\/2024\/01\/Key-Messages-January-2024-Final_FRENCH_Page_1-400x518.jpg 400w, https:\/\/labrc.com\/wp-content\/uploads\/2024\/01\/Key-Messages-January-2024-Final_FRENCH_Page_1-600x776.jpg 600w, https:\/\/labrc.com\/wp-content\/uploads\/2024\/01\/Key-Messages-January-2024-Final_FRENCH_Page_1-800x1035.jpg 800w, https:\/\/labrc.com\/wp-content\/uploads\/2024\/01\/Key-Messages-January-2024-Final_FRENCH_Page_1-1200x1553.jpg 1200w\" sizes=\"(max-width: 1048px) 100vw, 600px\" \/><\/a><\/span><\/div><\/div><div class=\"fusion-aligncenter\"><a class=\"fusion-button button-flat fusion-button-default-size button-default fusion-button-default button-1 fusion-button-default-span fusion-button-default-type yellow-button\" target=\"_blank\" rel=\"noopener noreferrer\" href=\"https:\/\/labrc.com\/wp-content\/uploads\/2023\/05\/Key-Messages-April-2024-FR.pdf\"><span class=\"fusion-button-text awb-button__text awb-button__text--default\">Messages cl\u00e9s<\/span><\/a><\/div><div class=\"fusion-clearfix\"><\/div><\/div><\/div><div class=\"fusion-layout-column fusion_builder_column fusion-builder-column-5 fusion_builder_column_1_3 1_3 fusion-one-third\" style=\"--awb-bg-size:cover;--awb-margin-bottom:60px;width:33.3333333333%;width:calc(33.3333333333% - ( ( 4% + 4% ) * 0.333333333333 ) );margin-right: 4%;\"><div class=\"fusion-column-wrapper fusion-flex-column-wrapper-legacy\"><div class=\"fusion-image-element fusion-image-align-center in-legacy-container\" style=\"text-align:center;--awb-margin-bottom:30px;--awb-caption-title-font-family:var(--h2_typography-font-family);--awb-caption-title-font-weight:var(--h2_typography-font-weight);--awb-caption-title-font-style:var(--h2_typography-font-style);--awb-caption-title-size:var(--h2_typography-font-size);--awb-caption-title-transform:var(--h2_typography-text-transform);--awb-caption-title-line-height:var(--h2_typography-line-height);--awb-caption-title-letter-spacing:var(--h2_typography-letter-spacing);\"><div class=\"imageframe-align-center\"><span class=\" fusion-imageframe imageframe-none imageframe-2 hover-type-none\" style=\"border:5px solid #4772b8;border-radius:100%\/20px;\"><img decoding=\"async\" width=\"400\" height=\"518\" title=\"Screenshot 2023-12-19 094136\" src=\"https:\/\/labrc.com\/wp-content\/uploads\/2023\/12\/Screenshot-2023-12-19-094136-400x518.png\" alt class=\"img-responsive wp-image-39212\" srcset=\"https:\/\/labrc.com\/wp-content\/uploads\/2023\/12\/Screenshot-2023-12-19-094136-200x259.png 200w, https:\/\/labrc.com\/wp-content\/uploads\/2023\/12\/Screenshot-2023-12-19-094136-400x518.png 400w, https:\/\/labrc.com\/wp-content\/uploads\/2023\/12\/Screenshot-2023-12-19-094136-600x777.png 600w, https:\/\/labrc.com\/wp-content\/uploads\/2023\/12\/Screenshot-2023-12-19-094136.png 611w\" sizes=\"(max-width: 1048px) 100vw, 600px\" \/><\/span><\/div><\/div><div class=\"fusion-aligncenter\"><a class=\"fusion-button button-flat fusion-button-default-size button-default fusion-button-default button-2 fusion-button-default-span fusion-button-default-type yellow-button\" target=\"_blank\" rel=\"noopener noreferrer\" href=\"https:\/\/labrc.com\/wp-content\/uploads\/2023\/05\/FAQs-July-2021-French.pdf\"><span class=\"fusion-button-text awb-button__text awb-button__text--default\">FAQs<\/span><\/a><\/div><div class=\"fusion-clearfix\"><\/div><\/div><\/div><div class=\"fusion-layout-column fusion_builder_column fusion-builder-column-6 fusion_builder_column_1_3 1_3 fusion-one-third fusion-column-last\" style=\"--awb-bg-size:cover;--awb-margin-bottom:0px;width:33.3333333333%;width:calc(33.3333333333% - ( ( 4% + 4% ) * 0.333333333333 ) );\"><div class=\"fusion-column-wrapper fusion-flex-column-wrapper-legacy\"><div class=\"fusion-image-element fusion-image-align-center in-legacy-container\" style=\"text-align:center;--awb-margin-bottom:30px;--awb-caption-title-font-family:var(--h2_typography-font-family);--awb-caption-title-font-weight:var(--h2_typography-font-weight);--awb-caption-title-font-style:var(--h2_typography-font-style);--awb-caption-title-size:var(--h2_typography-font-size);--awb-caption-title-transform:var(--h2_typography-text-transform);--awb-caption-title-line-height:var(--h2_typography-line-height);--awb-caption-title-letter-spacing:var(--h2_typography-letter-spacing);\"><div class=\"imageframe-align-center\"><span class=\" fusion-imageframe imageframe-none imageframe-3 hover-type-none\" style=\"border:5px solid #4772b8;border-radius:100%\/20px;\"><a class=\"fusion-no-lightbox\" href=\"https:\/\/labrc.com\/wp-content\/uploads\/2023\/05\/Quick-facts-JULY-2024-FR.pdf\" target=\"_self\"><img decoding=\"async\" src=\"https:\/\/labrc.com\/wp-content\/uploads\/2023\/05\/Quick-facts-APR-2024-FR-2-scaled.jpg\" alt class=\"img-responsive\"\/><\/a><\/span><\/div><\/div><div class=\"fusion-aligncenter\"><a class=\"fusion-button button-flat fusion-button-default-size button-default fusion-button-default button-3 fusion-button-default-span fusion-button-default-type yellow-button\" target=\"_blank\" rel=\"noopener noreferrer\" href=\"https:\/\/labrc.com\/wp-content\/uploads\/2023\/05\/Quick-facts-JULY-2024-FR.pdf\"><span class=\"fusion-button-text awb-button__text awb-button__text--default\">Quelques faits \u00e0 propos de l\u2019Accord-cadre<\/span><\/a><\/div><div class=\"fusion-clearfix\"><\/div><\/div><\/div><\/div><\/div><div class=\"fusion-fullwidth fullwidth-box fusion-builder-row-4 nonhundred-percent-fullwidth non-hundred-percent-height-scrolling\" style=\"--awb-border-radius-top-left:0px;--awb-border-radius-top-right:0px;--awb-border-radius-bottom-right:0px;--awb-border-radius-bottom-left:0px;--awb-padding-top:30px;--awb-padding-right:2.5vw;--awb-padding-bottom:30px;--awb-padding-left:2.5vw;--awb-flex-wrap:wrap;\" ><div class=\"fusion-builder-row fusion-row\"><div class=\"fusion-layout-column fusion_builder_column fusion-builder-column-7 fusion_builder_column_1_1 1_1 fusion-one-full fusion-column-first fusion-column-last\" style=\"--awb-bg-size:cover;\"><div class=\"fusion-column-wrapper fusion-column-has-shadow fusion-flex-column-wrapper-legacy\"><div class=\"fusion-title title fusion-title-2 fusion-sep-none fusion-title-text fusion-title-size-two\" style=\"--awb-margin-top-small:0px;--awb-margin-right-small:0px;--awb-margin-bottom-small:20px;--awb-margin-left-small:0px;\"><h2 class=\"fusion-title-heading title-heading-left fusion-responsive-typography-calculated\" style=\"margin:0;--fontSize:38;line-height:1.25;\">Communiqu\u00e9s de presse:<\/h2><\/div><div class=\"fusion-clearfix\"><\/div><\/div><\/div><div class=\"fusion-layout-column fusion_builder_column fusion-builder-column-8 fusion_builder_column_1_1 1_1 fusion-one-full fusion-column-first fusion-column-last\" style=\"--awb-bg-size:cover;\"><div class=\"fusion-column-wrapper fusion-flex-column-wrapper-legacy\"><div class=\"fusion-recent-posts fusion-recent-posts-1 avada-container layout-default layout-columns-3 fusion-recent-posts-infinite fusion-recent-posts-load-more responsive-recent-posts\" data-pages=\"3\"><section class=\"fusion-columns columns fusion-columns-3 columns-3\"><article class=\"post fusion-column column col col-lg-4 col-md-4 col-sm-4\"><div class=\"fusion-flexslider fusion-flexslider-loading flexslider flexslider-hover-type-zoomin\"><ul class=\"slides\"><li><a href=\"https:\/\/labrc.com\/fr\/30-ans-de-gouvernance-des-terres-de-premieres-nations\/\" aria-label=\"C\u00e9l\u00e9bration de 30 ans de gouvernance des terres de Premi\u00e8res Nations en vertu de l&rsquo;Accord-cadre\" class=\"hover-type-zoomin\"><img decoding=\"async\" width=\"700\" height=\"394\" src=\"https:\/\/labrc.com\/wp-content\/uploads\/2026\/02\/30th-Logo-Animated.gif\" class=\"attachment-recent-posts size-recent-posts\" alt=\"\" \/><\/a><\/li><\/ul><\/div><div class=\"recent-posts-content\"><span class=\"updated\" style=\"display:none;\">2026-02-12T06:51:44-08:00<\/span><h4 class=\"entry-title\"><a href=\"https:\/\/labrc.com\/fr\/30-ans-de-gouvernance-des-terres-de-premieres-nations\/\">C\u00e9l\u00e9bration de 30 ans de gouvernance des terres de Premi\u00e8res Nations en vertu de l&rsquo;Accord-cadre<\/a><\/h4><\/div><\/article><article class=\"post fusion-column column col col-lg-4 col-md-4 col-sm-4\"><div class=\"fusion-flexslider fusion-flexslider-loading flexslider flexslider-hover-type-zoomin\"><ul class=\"slides\"><li><a href=\"https:\/\/labrc.com\/fr\/lancement-dun-programme-conjoint-par-le-cct-et-cfpn-dans-le-domaine-des-terres-et-de-la-fiscalite-afin-de-soutenir-la-transformation-economique-du-canada\/\" aria-label=\"Lancement d&rsquo;un programme conjoint par le CCT et CFPN dans le domaine des terres et de la fiscalit\u00e9 afin de soutenir la transformation \u00e9conomique du Canada\" class=\"hover-type-zoomin\"><img decoding=\"async\" width=\"700\" height=\"441\" src=\"https:\/\/labrc.com\/wp-content\/uploads\/2025\/10\/ACM03496-800x532-1-700x441.jpg\" class=\"attachment-recent-posts size-recent-posts\" alt=\"\" srcset=\"https:\/\/labrc.com\/wp-content\/uploads\/2025\/10\/ACM03496-800x532-1-320x202.jpg 320w, https:\/\/labrc.com\/wp-content\/uploads\/2025\/10\/ACM03496-800x532-1-700x441.jpg 700w\" sizes=\"(max-width: 700px) 100vw, 700px\" \/><\/a><\/li><\/ul><\/div><div class=\"recent-posts-content\"><span class=\"updated\" style=\"display:none;\">2025-10-07T11:53:10-07:00<\/span><h4 class=\"entry-title\"><a href=\"https:\/\/labrc.com\/fr\/lancement-dun-programme-conjoint-par-le-cct-et-cfpn-dans-le-domaine-des-terres-et-de-la-fiscalite-afin-de-soutenir-la-transformation-economique-du-canada\/\">Lancement d&rsquo;un programme conjoint par le CCT et CFPN dans le domaine des terres et de la fiscalit\u00e9 afin de soutenir la transformation \u00e9conomique du Canada<\/a><\/h4><\/div><\/article><article class=\"post fusion-column column col col-lg-4 col-md-4 col-sm-4\"><div class=\"fusion-flexslider fusion-flexslider-loading flexslider flexslider-hover-type-zoomin\"><ul class=\"slides\"><li><a href=\"https:\/\/labrc.com\/fr\/le-cct-et-le-fhmpn-signent-un-protocole-dentente\/\" aria-label=\"Le CCT et le FHMPN signent un protocole d\u2019entente pour soutenir la gouvernance des terres et l\u2019accession \u00e0 la propri\u00e9t\u00e9 individuelle\" class=\"hover-type-zoomin\"><img decoding=\"async\" width=\"700\" height=\"441\" src=\"https:\/\/labrc.com\/wp-content\/uploads\/2024\/09\/116A4466-2-2-700x441.jpg\" class=\"attachment-recent-posts size-recent-posts\" alt=\"\" srcset=\"https:\/\/labrc.com\/wp-content\/uploads\/2024\/09\/116A4466-2-2-320x202.jpg 320w, https:\/\/labrc.com\/wp-content\/uploads\/2024\/09\/116A4466-2-2-700x441.jpg 700w\" sizes=\"(max-width: 700px) 100vw, 700px\" \/><\/a><\/li><\/ul><\/div><div class=\"recent-posts-content\"><span class=\"updated\" style=\"display:none;\">2024-09-09T11:12:43-07:00<\/span><h4 class=\"entry-title\"><a href=\"https:\/\/labrc.com\/fr\/le-cct-et-le-fhmpn-signent-un-protocole-dentente\/\">Le CCT et le FHMPN signent un protocole d\u2019entente pour soutenir la gouvernance des terres et l\u2019accession \u00e0 la propri\u00e9t\u00e9 individuelle<\/a><\/h4><\/div><\/article><\/section><div class=\"fusion-infinite-scroll-trigger\"><\/div><div class=\"pagination infinite-scroll clearfix\" style=\"display:none;\"><span class=\"current\">1<\/span><a href=\"https:\/\/labrc.com\/fr\/wp-json\/wp\/v2\/pages\/16196\/page\/2\/\" class=\"inactive\">2<\/a><a class=\"pagination-next\" rel=\"next\" href=\"https:\/\/labrc.com\/fr\/wp-json\/wp\/v2\/pages\/16196\/page\/2\/\"><span class=\"page-text\">Next<\/span><span class=\"page-next\"><\/span><\/a><\/div><div class=\"fusion-clearfix\"><\/div><button class=\"fusion-load-more-button fusion-blog-button fusion-clearfix\">Load More Posts<\/button><\/div><div class=\"fusion-clearfix\"><\/div><\/div><\/div><\/div><\/div><div class=\"fusion-fullwidth fullwidth-box fusion-builder-row-5 nonhundred-percent-fullwidth non-hundred-percent-height-scrolling\" style=\"--awb-border-radius-top-left:0px;--awb-border-radius-top-right:0px;--awb-border-radius-bottom-right:0px;--awb-border-radius-bottom-left:0px;--awb-padding-top:30px;--awb-padding-right:2.5vw;--awb-padding-bottom:30px;--awb-padding-left:2.5vw;--awb-flex-wrap:wrap;\" ><div class=\"fusion-builder-row fusion-row\"><div class=\"fusion-layout-column fusion_builder_column fusion-builder-column-9 fusion_builder_column_1_1 1_1 fusion-one-full fusion-column-first fusion-column-last\" style=\"--awb-bg-size:cover;\"><div class=\"fusion-column-wrapper fusion-column-has-shadow fusion-flex-column-wrapper-legacy\"><div class=\"fusion-title title fusion-title-3 fusion-sep-none fusion-title-text fusion-title-size-two\" style=\"--awb-margin-top-small:0px;--awb-margin-right-small:0px;--awb-margin-bottom-small:20px;--awb-margin-left-small:0px;\"><h2 class=\"fusion-title-heading title-heading-left fusion-responsive-typography-calculated\" style=\"margin:0;--fontSize:38;line-height:1.25;\">Annonces du CCT et du CR:<\/h2><\/div><div class=\"fusion-clearfix\"><\/div><\/div><\/div><div class=\"fusion-layout-column fusion_builder_column fusion-builder-column-10 fusion_builder_column_1_1 1_1 fusion-one-full fusion-column-first fusion-column-last\" style=\"--awb-bg-size:cover;\"><div class=\"fusion-column-wrapper fusion-flex-column-wrapper-legacy\"><div class=\"fusion-recent-posts fusion-recent-posts-2 avada-container layout-default layout-columns-3 fusion-recent-posts-infinite fusion-recent-posts-load-more responsive-recent-posts\" data-pages=\"1\"><section class=\"fusion-columns columns fusion-columns-3 columns-3\"><article class=\"post fusion-column column col col-lg-4 col-md-4 col-sm-4\"><div class=\"fusion-flexslider fusion-flexslider-loading flexslider flexslider-hover-type-zoomin\"><ul class=\"slides\"><li><a href=\"https:\/\/labrc.com\/fr\/rapport-du-comite-permanent-des-affaires-autochtones-et-du-nord-portant-sur-la-necessite-de-sengager-a-regler-la-question-de-lapplication-des-lois-des-premieres-nations\/\" aria-label=\"Rapport du Comit\u00e9 permanent des affaires autochtones et du Nord portant sur la n\u00e9cessit\u00e9 de s\u2019engager \u00e0 r\u00e9gler la question de l\u2019application des lois des Premi\u00e8res Nations.\" class=\"hover-type-zoomin\"><img decoding=\"async\" width=\"700\" height=\"441\" src=\"https:\/\/labrc.com\/wp-content\/uploads\/2021\/07\/inanrp11-f_Page_01-700x441.jpg\" class=\"attachment-recent-posts size-recent-posts\" alt=\"\" srcset=\"https:\/\/labrc.com\/wp-content\/uploads\/2021\/07\/inanrp11-f_Page_01-320x202.jpg 320w, https:\/\/labrc.com\/wp-content\/uploads\/2021\/07\/inanrp11-f_Page_01-700x441.jpg 700w\" sizes=\"(max-width: 700px) 100vw, 700px\" \/><\/a><\/li><\/ul><\/div><div class=\"recent-posts-content\"><span class=\"updated\" style=\"display:none;\">2021-11-08T11:26:38-08:00<\/span><h4 class=\"entry-title\"><a href=\"https:\/\/labrc.com\/fr\/rapport-du-comite-permanent-des-affaires-autochtones-et-du-nord-portant-sur-la-necessite-de-sengager-a-regler-la-question-de-lapplication-des-lois-des-premieres-nations\/\">Rapport du Comit\u00e9 permanent des affaires autochtones et du Nord portant sur la n\u00e9cessit\u00e9 de s\u2019engager \u00e0 r\u00e9gler la question de l\u2019application des lois des Premi\u00e8res Nations.<\/a><\/h4><\/div><\/article><\/section><\/div><div class=\"fusion-clearfix\"><\/div><\/div><\/div><\/div><\/div><div class=\"fusion-fullwidth fullwidth-box fusion-builder-row-6 nonhundred-percent-fullwidth non-hundred-percent-height-scrolling\" style=\"--awb-border-radius-top-left:0px;--awb-border-radius-top-right:0px;--awb-border-radius-bottom-right:0px;--awb-border-radius-bottom-left:0px;--awb-padding-top:30px;--awb-padding-right:2.5vw;--awb-padding-bottom:30px;--awb-padding-left:2.5vw;--awb-flex-wrap:wrap;\" ><div class=\"fusion-builder-row fusion-row\"><div class=\"fusion-layout-column fusion_builder_column fusion-builder-column-11 fusion_builder_column_1_1 1_1 fusion-one-full fusion-column-first fusion-column-last\" style=\"--awb-bg-size:cover;\"><div class=\"fusion-column-wrapper fusion-column-has-shadow fusion-flex-column-wrapper-legacy\"><div class=\"fusion-title title fusion-title-4 fusion-sep-none fusion-title-text fusion-title-size-two\" style=\"--awb-margin-top-small:0px;--awb-margin-right-small:0px;--awb-margin-bottom-small:20px;--awb-margin-left-small:0px;\"><h2 class=\"fusion-title-heading title-heading-left fusion-responsive-typography-calculated\" style=\"margin:0;--fontSize:38;line-height:1.25;\">Annonces relatives \u00e0 la ratification de codes fonciers:<\/h2><\/div><div class=\"fusion-clearfix\"><\/div><\/div><\/div><div class=\"fusion-layout-column fusion_builder_column fusion-builder-column-12 fusion_builder_column_1_1 1_1 fusion-one-full fusion-column-first fusion-column-last\" style=\"--awb-bg-size:cover;\"><div class=\"fusion-column-wrapper fusion-flex-column-wrapper-legacy\"><div class=\"fusion-recent-posts fusion-recent-posts-3 avada-container layout-default layout-columns-3 fusion-recent-posts-infinite fusion-recent-posts-load-more responsive-recent-posts\" data-pages=\"3\"><section class=\"fusion-columns columns fusion-columns-3 columns-3\"><article class=\"post fusion-column column col col-lg-4 col-md-4 col-sm-4\"><div class=\"fusion-flexslider fusion-flexslider-loading flexslider flexslider-hover-type-zoomin\"><ul class=\"slides\"><li><a href=\"https:\/\/labrc.com\/fr\/la-nation-crie-du-montreal-lake-vote-oui\/\" aria-label=\"La Nation Crie du Montreal Lake vote OUI et devient la 128e signataire de l&rsquo;Accord-cadre \u00e0 ratifier son code foncier!\" class=\"hover-type-zoomin\"><img decoding=\"async\" width=\"700\" height=\"441\" src=\"https:\/\/labrc.com\/wp-content\/uploads\/2026\/04\/128-LC-Card-FR-700x441.png\" class=\"attachment-recent-posts size-recent-posts\" alt=\"\" srcset=\"https:\/\/labrc.com\/wp-content\/uploads\/2026\/04\/128-LC-Card-FR-320x202.png 320w, https:\/\/labrc.com\/wp-content\/uploads\/2026\/04\/128-LC-Card-FR-700x441.png 700w\" sizes=\"(max-width: 700px) 100vw, 700px\" \/><\/a><\/li><\/ul><\/div><div class=\"recent-posts-content\"><span class=\"updated\" style=\"display:none;\">2026-04-17T08:42:18-07:00<\/span><h4 class=\"entry-title\"><a href=\"https:\/\/labrc.com\/fr\/la-nation-crie-du-montreal-lake-vote-oui\/\">La Nation Crie du Montreal Lake vote OUI et devient la 128e signataire de l&rsquo;Accord-cadre \u00e0 ratifier son code foncier!<\/a><\/h4><\/div><\/article><article class=\"post fusion-column column col col-lg-4 col-md-4 col-sm-4\"><div class=\"fusion-flexslider fusion-flexslider-loading flexslider flexslider-hover-type-zoomin\"><ul class=\"slides\"><li><a href=\"https:\/\/labrc.com\/fr\/la-premiere-nation-popkum-vote-oui\/\" aria-label=\"La Premi\u00e8re Nation Popkum vote OUI et devient la 127e signataire de l&rsquo;Accord-cadre \u00e0 ratifier son code foncier!\" class=\"hover-type-zoomin\"><img decoding=\"async\" width=\"700\" height=\"441\" src=\"https:\/\/labrc.com\/wp-content\/uploads\/2026\/04\/127-LC-Card-FR-700x441.png\" class=\"attachment-recent-posts size-recent-posts\" alt=\"\" srcset=\"https:\/\/labrc.com\/wp-content\/uploads\/2026\/04\/127-LC-Card-FR-320x202.png 320w, https:\/\/labrc.com\/wp-content\/uploads\/2026\/04\/127-LC-Card-FR-700x441.png 700w\" sizes=\"(max-width: 700px) 100vw, 700px\" \/><\/a><\/li><\/ul><\/div><div class=\"recent-posts-content\"><span class=\"updated\" style=\"display:none;\">2026-04-17T08:38:43-07:00<\/span><h4 class=\"entry-title\"><a href=\"https:\/\/labrc.com\/fr\/la-premiere-nation-popkum-vote-oui\/\">La Premi\u00e8re Nation Popkum vote OUI et devient la 127e signataire de l&rsquo;Accord-cadre \u00e0 ratifier son code foncier!<\/a><\/h4><\/div><\/article><article class=\"post fusion-column column col col-lg-4 col-md-4 col-sm-4\"><div class=\"fusion-flexslider fusion-flexslider-loading flexslider flexslider-hover-type-zoomin\"><ul class=\"slides\"><li><a href=\"https:\/\/labrc.com\/fr\/la-premiere-nation-tseycum-vote-oui\/\" aria-label=\"La Premi\u00e8re Nation Tseycum vote OUI et devient la 126e signataire de l&rsquo;Accord-cadre \u00e0 ratifier son code foncier!\" class=\"hover-type-zoomin\"><img decoding=\"async\" width=\"700\" height=\"441\" src=\"https:\/\/labrc.com\/wp-content\/uploads\/2026\/04\/126-LC-card-FR-700x441.png\" class=\"attachment-recent-posts size-recent-posts\" alt=\"\" srcset=\"https:\/\/labrc.com\/wp-content\/uploads\/2026\/04\/126-LC-card-FR-320x202.png 320w, https:\/\/labrc.com\/wp-content\/uploads\/2026\/04\/126-LC-card-FR-700x441.png 700w\" sizes=\"(max-width: 700px) 100vw, 700px\" \/><\/a><\/li><\/ul><\/div><div class=\"recent-posts-content\"><span class=\"updated\" style=\"display:none;\">2026-04-17T08:35:35-07:00<\/span><h4 class=\"entry-title\"><a href=\"https:\/\/labrc.com\/fr\/la-premiere-nation-tseycum-vote-oui\/\">La Premi\u00e8re Nation Tseycum vote OUI et devient la 126e signataire de l&rsquo;Accord-cadre \u00e0 ratifier son code foncier!<\/a><\/h4><\/div><\/article><article class=\"post fusion-column column col col-lg-4 col-md-4 col-sm-4\"><div class=\"fusion-flexslider fusion-flexslider-loading flexslider flexslider-hover-type-zoomin\"><ul class=\"slides\"><li><a href=\"https:\/\/labrc.com\/fr\/la-premiere-nation-semiahmoo-vote-oui\/\" aria-label=\"La Premi\u00e8re Nation Semiahmoo vote OUI et devient la 125e signataire de l&rsquo;Accord-cadre \u00e0 ratifier son code foncier!\" class=\"hover-type-zoomin\"><img decoding=\"async\" width=\"700\" height=\"441\" src=\"https:\/\/labrc.com\/wp-content\/uploads\/2026\/04\/125-LC-card-FR-700x441.png\" class=\"attachment-recent-posts size-recent-posts\" alt=\"\" srcset=\"https:\/\/labrc.com\/wp-content\/uploads\/2026\/04\/125-LC-card-FR-320x202.png 320w, https:\/\/labrc.com\/wp-content\/uploads\/2026\/04\/125-LC-card-FR-700x441.png 700w\" sizes=\"(max-width: 700px) 100vw, 700px\" \/><\/a><\/li><\/ul><\/div><div class=\"recent-posts-content\"><span class=\"updated\" style=\"display:none;\">2026-04-17T08:31:20-07:00<\/span><h4 class=\"entry-title\"><a href=\"https:\/\/labrc.com\/fr\/la-premiere-nation-semiahmoo-vote-oui\/\">La Premi\u00e8re Nation Semiahmoo vote OUI et devient la 125e signataire de l&rsquo;Accord-cadre \u00e0 ratifier son code foncier!<\/a><\/h4><\/div><\/article><article class=\"post fusion-column column col col-lg-4 col-md-4 col-sm-4\"><div class=\"fusion-flexslider fusion-flexslider-loading flexslider flexslider-hover-type-zoomin\"><ul class=\"slides\"><li><a href=\"https:\/\/labrc.com\/fr\/la-premiere-nation-missanabie-cree-vote-oui\/\" aria-label=\"La Premi\u00e8re Nation Missanabie Cree vote OUI et devient la 124e signataire de l&rsquo;Accord-cadre \u00e0 ratifier son code foncier!\" class=\"hover-type-zoomin\"><img decoding=\"async\" width=\"700\" height=\"441\" src=\"https:\/\/labrc.com\/wp-content\/uploads\/2026\/04\/124-LC-card-FR-700x441.png\" class=\"attachment-recent-posts size-recent-posts\" alt=\"\" srcset=\"https:\/\/labrc.com\/wp-content\/uploads\/2026\/04\/124-LC-card-FR-320x202.png 320w, https:\/\/labrc.com\/wp-content\/uploads\/2026\/04\/124-LC-card-FR-700x441.png 700w\" sizes=\"(max-width: 700px) 100vw, 700px\" \/><\/a><\/li><\/ul><\/div><div class=\"recent-posts-content\"><span class=\"updated\" style=\"display:none;\">2026-04-17T08:24:57-07:00<\/span><h4 class=\"entry-title\"><a href=\"https:\/\/labrc.com\/fr\/la-premiere-nation-missanabie-cree-vote-oui\/\">La Premi\u00e8re Nation Missanabie Cree vote OUI et devient la 124e signataire de l&rsquo;Accord-cadre \u00e0 ratifier son code foncier!<\/a><\/h4><\/div><\/article><article class=\"post fusion-column column col col-lg-4 col-md-4 col-sm-4\"><div class=\"fusion-flexslider fusion-flexslider-loading flexslider flexslider-hover-type-zoomin\"><ul class=\"slides\"><li><a href=\"https:\/\/labrc.com\/fr\/la-premiere-nation-zagime-anishinabek-vote-oui\/\" aria-label=\"La Premi\u00e8re Nation Zagime Anishinabek vote OUI et devient la 123e signataire de l&rsquo;Accord-cadre \u00e0 ratifier son code foncier!\" class=\"hover-type-zoomin\"><img decoding=\"async\" width=\"700\" height=\"441\" src=\"https:\/\/labrc.com\/wp-content\/uploads\/2026\/04\/123-LC-card-FR-700x441.png\" class=\"attachment-recent-posts size-recent-posts\" alt=\"\" srcset=\"https:\/\/labrc.com\/wp-content\/uploads\/2026\/04\/123-LC-card-FR-320x202.png 320w, https:\/\/labrc.com\/wp-content\/uploads\/2026\/04\/123-LC-card-FR-700x441.png 700w\" sizes=\"(max-width: 700px) 100vw, 700px\" \/><\/a><\/li><\/ul><\/div><div class=\"recent-posts-content\"><span class=\"updated\" style=\"display:none;\">2026-04-17T08:15:55-07:00<\/span><h4 class=\"entry-title\"><a href=\"https:\/\/labrc.com\/fr\/la-premiere-nation-zagime-anishinabek-vote-oui\/\">La Premi\u00e8re Nation Zagime Anishinabek vote OUI et devient la 123e signataire de l&rsquo;Accord-cadre \u00e0 ratifier son code foncier!<\/a><\/h4><\/div><\/article><article class=\"post fusion-column column col col-lg-4 col-md-4 col-sm-4\"><div class=\"fusion-flexslider fusion-flexslider-loading flexslider flexslider-hover-type-zoomin\"><ul class=\"slides\"><li><a href=\"https:\/\/labrc.com\/fr\/la-premiere-nation-yaqit-a%c2%b7knuqliit-vote-oui-et-devient-la-122e-signataire-de-laccord-cadre-a-ratifier-son-code-foncier\/\" aria-label=\"La Premi\u00e8re Nation Yaqit ?a\u00b7knuqli\u2018it vote OUI et devient la 122e signataire de l&rsquo;Accord-cadre \u00e0 ratifier son code foncier!\" class=\"hover-type-zoomin\"><img decoding=\"async\" width=\"700\" height=\"441\" src=\"https:\/\/labrc.com\/wp-content\/uploads\/2026\/04\/122-LC-card-FR-vskw-700x441.png\" class=\"attachment-recent-posts size-recent-posts\" alt=\"\" srcset=\"https:\/\/labrc.com\/wp-content\/uploads\/2026\/04\/122-LC-card-FR-vskw-320x202.png 320w, https:\/\/labrc.com\/wp-content\/uploads\/2026\/04\/122-LC-card-FR-vskw-700x441.png 700w\" sizes=\"(max-width: 700px) 100vw, 700px\" \/><\/a><\/li><\/ul><\/div><div class=\"recent-posts-content\"><span class=\"updated\" style=\"display:none;\">2026-04-17T08:11:46-07:00<\/span><h4 class=\"entry-title\"><a href=\"https:\/\/labrc.com\/fr\/la-premiere-nation-yaqit-a%c2%b7knuqliit-vote-oui-et-devient-la-122e-signataire-de-laccord-cadre-a-ratifier-son-code-foncier\/\">La Premi\u00e8re Nation Yaqit ?a\u00b7knuqli\u2018it vote OUI et devient la 122e signataire de l&rsquo;Accord-cadre \u00e0 ratifier son code foncier!<\/a><\/h4><\/div><\/article><article class=\"post fusion-column column col col-lg-4 col-md-4 col-sm-4\"><div class=\"fusion-flexslider fusion-flexslider-loading flexslider flexslider-hover-type-zoomin\"><ul class=\"slides\"><li><a href=\"https:\/\/labrc.com\/fr\/la-premiere-nation-george-gordon-vote-oui\/\" aria-label=\"La Premi\u00e8re Nation George Gordon vote OUI et devient la 121e signataire de l&rsquo;Accord-cadre \u00e0 ratifier son code foncier!\" class=\"hover-type-zoomin\"><img decoding=\"async\" width=\"700\" height=\"441\" src=\"https:\/\/labrc.com\/wp-content\/uploads\/2026\/04\/121-LC-card-FR-700x441.png\" class=\"attachment-recent-posts size-recent-posts\" alt=\"\" srcset=\"https:\/\/labrc.com\/wp-content\/uploads\/2026\/04\/121-LC-card-FR-320x202.png 320w, https:\/\/labrc.com\/wp-content\/uploads\/2026\/04\/121-LC-card-FR-700x441.png 700w\" sizes=\"(max-width: 700px) 100vw, 700px\" \/><\/a><\/li><\/ul><\/div><div class=\"recent-posts-content\"><span class=\"updated\" style=\"display:none;\">2026-04-17T07:47:42-07:00<\/span><h4 class=\"entry-title\"><a href=\"https:\/\/labrc.com\/fr\/la-premiere-nation-george-gordon-vote-oui\/\">La Premi\u00e8re Nation George Gordon vote OUI et devient la 121e signataire de l&rsquo;Accord-cadre \u00e0 ratifier son code foncier!<\/a><\/h4><\/div><\/article><article class=\"post fusion-column column col col-lg-4 col-md-4 col-sm-4\"><div class=\"fusion-flexslider fusion-flexslider-loading flexslider flexslider-hover-type-zoomin\"><ul class=\"slides\"><li><a href=\"https:\/\/labrc.com\/fr\/la-nation-esquimalt-vote-oui\/\" aria-label=\"Nation Esquimalt vote OUI et devient la 120e signataire de l&rsquo;Accord-cadre \u00e0 ratifier son code foncier!\" class=\"hover-type-zoomin\"><img decoding=\"async\" width=\"700\" height=\"441\" src=\"https:\/\/labrc.com\/wp-content\/uploads\/2026\/04\/120-LC-card-FR-700x441.png\" class=\"attachment-recent-posts size-recent-posts\" alt=\"\" srcset=\"https:\/\/labrc.com\/wp-content\/uploads\/2026\/04\/120-LC-card-FR-320x202.png 320w, https:\/\/labrc.com\/wp-content\/uploads\/2026\/04\/120-LC-card-FR-700x441.png 700w\" sizes=\"(max-width: 700px) 100vw, 700px\" \/><\/a><\/li><\/ul><\/div><div class=\"recent-posts-content\"><span class=\"updated\" style=\"display:none;\">2026-04-17T08:17:39-07:00<\/span><h4 class=\"entry-title\"><a href=\"https:\/\/labrc.com\/fr\/la-nation-esquimalt-vote-oui\/\">Nation Esquimalt vote OUI et devient la 120e signataire de l&rsquo;Accord-cadre \u00e0 ratifier son code foncier!<\/a><\/h4><\/div><\/article><article class=\"post fusion-column column col col-lg-4 col-md-4 col-sm-4\"><div class=\"fusion-flexslider fusion-flexslider-loading flexslider flexslider-hover-type-zoomin\"><ul class=\"slides\"><li><a href=\"https:\/\/labrc.com\/fr\/xeni-gwetin-vote-oui\/\" aria-label=\"Gouvernement des Premi\u00e8res Nations Xeni Gwet&rsquo;in vote OUI et devient la 119e signataire de l&rsquo;Accord-cadre \u00e0 ratifier son code foncier!\" class=\"hover-type-zoomin\"><img decoding=\"async\" width=\"700\" height=\"441\" src=\"https:\/\/labrc.com\/wp-content\/uploads\/2025\/06\/119-LC-card-FR-700x441.png\" class=\"attachment-recent-posts size-recent-posts\" alt=\"\" srcset=\"https:\/\/labrc.com\/wp-content\/uploads\/2025\/06\/119-LC-card-FR-320x202.png 320w, https:\/\/labrc.com\/wp-content\/uploads\/2025\/06\/119-LC-card-FR-700x441.png 700w\" sizes=\"(max-width: 700px) 100vw, 700px\" \/><\/a><\/li><\/ul><\/div><div class=\"recent-posts-content\"><span class=\"updated\" style=\"display:none;\">2026-04-17T08:17:47-07:00<\/span><h4 class=\"entry-title\"><a href=\"https:\/\/labrc.com\/fr\/xeni-gwetin-vote-oui\/\">Gouvernement des Premi\u00e8res Nations Xeni Gwet&rsquo;in vote OUI et devient la 119e signataire de l&rsquo;Accord-cadre \u00e0 ratifier son code foncier!<\/a><\/h4><\/div><\/article><\/section><div class=\"fusion-infinite-scroll-trigger\"><\/div><div class=\"pagination infinite-scroll clearfix\" style=\"display:none;\"><span class=\"current\">1<\/span><a href=\"https:\/\/labrc.com\/fr\/wp-json\/wp\/v2\/pages\/16196\/page\/2\/\" class=\"inactive\">2<\/a><a class=\"pagination-next\" rel=\"next\" href=\"https:\/\/labrc.com\/fr\/wp-json\/wp\/v2\/pages\/16196\/page\/2\/\"><span class=\"page-text\">Next<\/span><span class=\"page-next\"><\/span><\/a><\/div><div class=\"fusion-clearfix\"><\/div><button class=\"fusion-load-more-button fusion-blog-button fusion-clearfix\">Load More Posts<\/button><\/div><div class=\"fusion-clearfix\"><\/div><\/div><\/div><\/div><\/div><\/p>\n","protected":false},"excerpt":{"rendered":"","protected":false},"author":21,"featured_media":0,"parent":15450,"menu_order":0,"comment_status":"closed","ping_status":"closed","template":"","meta":{"_acf_changed":false,"_exactmetrics_skip_tracking":false,"_exactmetrics_sitenote_active":false,"_exactmetrics_sitenote_note":"","_exactmetrics_sitenote_category":0,"footnotes":""},"class_list":["post-16196","page","type-page","status-publish","hentry"],"acf":[],"yoast_head":"<!-- This site is optimized with the Yoast SEO plugin v27.3 - https:\/\/yoast.com\/product\/yoast-seo-wordpress\/ -->\n<title>Communiqu\u00e9s de presse et avis &#8226; Centre de ressources sur la gestion des terres des Premi\u00e8res Nations (CR)<\/title>\n<meta name=\"robots\" content=\"index, follow, max-snippet:-1, max-image-preview:large, max-video-preview:-1\" \/>\n<link rel=\"canonical\" href=\"https:\/\/labrc.com\/fr\/nouvelles\/communiques-de-presse-et-avis\/\" \/>\n<meta property=\"og:locale\" content=\"fr_CA\" \/>\n<meta property=\"og:type\" content=\"article\" \/>\n<meta property=\"og:title\" content=\"Communiqu\u00e9s de presse et avis &#8226; Centre de ressources sur la gestion des terres des Premi\u00e8res Nations (CR)\" \/>\n<meta property=\"og:url\" content=\"https:\/\/labrc.com\/fr\/nouvelles\/communiques-de-presse-et-avis\/\" \/>\n<meta property=\"og:site_name\" content=\"Centre de ressources sur la gestion des terres des Premi\u00e8res Nations (CR)\" \/>\n<meta property=\"article:publisher\" content=\"https:\/\/www.facebook.com\/FNLMRC\/\" \/>\n<meta property=\"article:modified_time\" content=\"2024-04-17T21:00:47+00:00\" \/>\n<meta property=\"og:image\" content=\"https:\/\/labrc.com\/wp-content\/uploads\/2018\/11\/share.png\" \/>\n\t<meta property=\"og:image:width\" content=\"1970\" \/>\n\t<meta property=\"og:image:height\" content=\"777\" \/>\n\t<meta property=\"og:image:type\" content=\"image\/png\" \/>\n<meta name=\"twitter:card\" content=\"summary_large_image\" \/>\n<meta name=\"twitter:label1\" content=\"Estimation du temps de lecture\" \/>\n\t<meta name=\"twitter:data1\" content=\"6 minutes\" \/>\n<script type=\"application\/ld+json\" class=\"yoast-schema-graph\">{\"@context\":\"https:\\\/\\\/schema.org\",\"@graph\":[{\"@type\":\"WebPage\",\"@id\":\"https:\\\/\\\/labrc.com\\\/fr\\\/nouvelles\\\/communiques-de-presse-et-avis\\\/\",\"url\":\"https:\\\/\\\/labrc.com\\\/fr\\\/nouvelles\\\/communiques-de-presse-et-avis\\\/\",\"name\":\"Communiqu\u00e9s de presse et avis &#8226; Centre de ressources sur la gestion des terres des Premi\u00e8res Nations (CR)\",\"isPartOf\":{\"@id\":\"https:\\\/\\\/labrc.com\\\/#website\"},\"datePublished\":\"2021-07-29T18:13:13+00:00\",\"dateModified\":\"2024-04-17T21:00:47+00:00\",\"breadcrumb\":{\"@id\":\"https:\\\/\\\/labrc.com\\\/fr\\\/nouvelles\\\/communiques-de-presse-et-avis\\\/#breadcrumb\"},\"inLanguage\":\"fr-CA\",\"potentialAction\":[{\"@type\":\"ReadAction\",\"target\":[\"https:\\\/\\\/labrc.com\\\/fr\\\/nouvelles\\\/communiques-de-presse-et-avis\\\/\"]}]},{\"@type\":\"BreadcrumbList\",\"@id\":\"https:\\\/\\\/labrc.com\\\/fr\\\/nouvelles\\\/communiques-de-presse-et-avis\\\/#breadcrumb\",\"itemListElement\":[{\"@type\":\"ListItem\",\"position\":1,\"name\":\"Home\",\"item\":\"https:\\\/\\\/labrc.com\\\/fr\\\/\"},{\"@type\":\"ListItem\",\"position\":2,\"name\":\"Nouvelles\",\"item\":\"https:\\\/\\\/labrc.com\\\/fr\\\/nouvelles\\\/\"},{\"@type\":\"ListItem\",\"position\":3,\"name\":\"Communiqu\u00e9s de presse et avis\"}]},{\"@type\":\"WebSite\",\"@id\":\"https:\\\/\\\/labrc.com\\\/#website\",\"url\":\"https:\\\/\\\/labrc.com\\\/\",\"name\":\"Centre de ressources sur la gestion des terres des Premi\u00e8res Nations (CR)\",\"description\":\"The LABRC is the service delivery organization that fulfills the LAB\u2019s technical and administrative responsibilities under the Framework\",\"potentialAction\":[{\"@type\":\"SearchAction\",\"target\":{\"@type\":\"EntryPoint\",\"urlTemplate\":\"https:\\\/\\\/labrc.com\\\/?s={search_term_string}\"},\"query-input\":{\"@type\":\"PropertyValueSpecification\",\"valueRequired\":true,\"valueName\":\"search_term_string\"}}],\"inLanguage\":\"fr-CA\"}]}<\/script>\n<!-- \/ Yoast SEO plugin. -->","yoast_head_json":{"title":"Communiqu\u00e9s de presse et avis &#8226; Centre de ressources sur la gestion des terres des Premi\u00e8res Nations (CR)","robots":{"index":"index","follow":"follow","max-snippet":"max-snippet:-1","max-image-preview":"max-image-preview:large","max-video-preview":"max-video-preview:-1"},"canonical":"https:\/\/labrc.com\/fr\/nouvelles\/communiques-de-presse-et-avis\/","og_locale":"fr_CA","og_type":"article","og_title":"Communiqu\u00e9s de presse et avis &#8226; Centre de ressources sur la gestion des terres des Premi\u00e8res Nations (CR)","og_url":"https:\/\/labrc.com\/fr\/nouvelles\/communiques-de-presse-et-avis\/","og_site_name":"Centre de ressources sur la gestion des terres des Premi\u00e8res Nations (CR)","article_publisher":"https:\/\/www.facebook.com\/FNLMRC\/","article_modified_time":"2024-04-17T21:00:47+00:00","og_image":[{"width":1970,"height":777,"url":"https:\/\/labrc.com\/wp-content\/uploads\/2018\/11\/share.png","type":"image\/png"}],"twitter_card":"summary_large_image","twitter_misc":{"Estimation du temps de lecture":"6 minutes"},"schema":{"@context":"https:\/\/schema.org","@graph":[{"@type":"WebPage","@id":"https:\/\/labrc.com\/fr\/nouvelles\/communiques-de-presse-et-avis\/","url":"https:\/\/labrc.com\/fr\/nouvelles\/communiques-de-presse-et-avis\/","name":"Communiqu\u00e9s de presse et avis &#8226; Centre de ressources sur la gestion des terres des Premi\u00e8res Nations (CR)","isPartOf":{"@id":"https:\/\/labrc.com\/#website"},"datePublished":"2021-07-29T18:13:13+00:00","dateModified":"2024-04-17T21:00:47+00:00","breadcrumb":{"@id":"https:\/\/labrc.com\/fr\/nouvelles\/communiques-de-presse-et-avis\/#breadcrumb"},"inLanguage":"fr-CA","potentialAction":[{"@type":"ReadAction","target":["https:\/\/labrc.com\/fr\/nouvelles\/communiques-de-presse-et-avis\/"]}]},{"@type":"BreadcrumbList","@id":"https:\/\/labrc.com\/fr\/nouvelles\/communiques-de-presse-et-avis\/#breadcrumb","itemListElement":[{"@type":"ListItem","position":1,"name":"Home","item":"https:\/\/labrc.com\/fr\/"},{"@type":"ListItem","position":2,"name":"Nouvelles","item":"https:\/\/labrc.com\/fr\/nouvelles\/"},{"@type":"ListItem","position":3,"name":"Communiqu\u00e9s de presse et avis"}]},{"@type":"WebSite","@id":"https:\/\/labrc.com\/#website","url":"https:\/\/labrc.com\/","name":"Centre de ressources sur la gestion des terres des Premi\u00e8res Nations (CR)","description":"The LABRC is the service delivery organization that fulfills the LAB\u2019s technical and administrative responsibilities under the Framework","potentialAction":[{"@type":"SearchAction","target":{"@type":"EntryPoint","urlTemplate":"https:\/\/labrc.com\/?s={search_term_string}"},"query-input":{"@type":"PropertyValueSpecification","valueRequired":true,"valueName":"search_term_string"}}],"inLanguage":"fr-CA"}]}},"_links":{"self":[{"href":"https:\/\/labrc.com\/fr\/wp-json\/wp\/v2\/pages\/16196","targetHints":{"allow":["GET"]}}],"collection":[{"href":"https:\/\/labrc.com\/fr\/wp-json\/wp\/v2\/pages"}],"about":[{"href":"https:\/\/labrc.com\/fr\/wp-json\/wp\/v2\/types\/page"}],"author":[{"embeddable":true,"href":"https:\/\/labrc.com\/fr\/wp-json\/wp\/v2\/users\/21"}],"replies":[{"embeddable":true,"href":"https:\/\/labrc.com\/fr\/wp-json\/wp\/v2\/comments?post=16196"}],"version-history":[{"count":0,"href":"https:\/\/labrc.com\/fr\/wp-json\/wp\/v2\/pages\/16196\/revisions"}],"up":[{"embeddable":true,"href":"https:\/\/labrc.com\/fr\/wp-json\/wp\/v2\/pages\/15450"}],"wp:attachment":[{"href":"https:\/\/labrc.com\/fr\/wp-json\/wp\/v2\/media?parent=16196"}],"curies":[{"name":"wp","href":"https:\/\/api.w.org\/{rel}","templated":true}]}}